{"id":558,"date":"2020-06-22T21:31:50","date_gmt":"2020-06-22T19:31:50","guid":{"rendered":"podlove-2020-06-22t19:21:56+00:00-38de3fece34d329"},"modified":"2020-06-22T21:31:50","modified_gmt":"2020-06-22T19:31:50","slug":"episode-133-alles-was-recht-ist","status":"publish","type":"podcast","link":"https:\/\/podcast.kuubus.de\/viererkette\/episode-133-alles-was-recht-ist\/","title":{"rendered":"Episode 133 \u2013 Alles was recht ist"},"content":{"rendered":"\n\t\t\n            <div class=\"podlove-web-player intrinsic-ignore podlove-web-player-loading\" id=\"player-69f5a90aee3e3\"><root data-test=\"player--xl\" style=\"max-width:950px;min-width:260px;\">\n  <div class=\"tablet:px-6 tablet:pt-6 mobile:px-4 mobile:pt-4 flex flex-col\">\n    <div class=\"flex-col items-center mobile:flex tablet:hidden\">\n      <show-title class=\"text-sm\"><\/show-title>\n      <episode-title class=\"text-base mb-2\"><\/episode-title>\n      <subscribe-button class=\"mb-4 mobile:flex tablet:hidden\"><\/subscribe-button>\n      <poster class=\"rounded-sm w-48 shadow overflow-hidden\"><\/poster>\n      <divider class=\"w-full my-6\"><\/divider>\n    <\/div>\n\n    <div class=\"tablet:flex flex-grow\">\n      <div class=\"w-64 mobile:hidden tablet:block tablet:mr-6\">\n        <poster class=\"rounded-sm shadow overflow-hidden\"><\/poster>\n      <\/div>\n      <div class=\"w-full\">\n        <div class=\"hidden tablet:block\">\n          <show-title class=\"text-base\"><\/show-title>\n          <episode-title class=\"text-xl desktop:text-2xl\"><\/episode-title>\n          <divider class=\"w-full my-4\"><\/divider>\n        <\/div>\n        <div class=\"flex items-center justify-between\">\n          <div class=\"block\">\n            <play-state on=\"active\">\n              <speed-control class=\"flex items-center\"><\/speed-control>\n            <\/play-state>\n          <\/div>\n\n          <div class=\"flex\">\n            <play-state on=\"active\">\n              <chapter-previous class=\"mx-2 block\"><\/chapter-previous>\n            <\/play-state>\n            <play-state on=\"active\">\n              <step-backward class=\"mx-2 block\"><\/step-backward>\n            <\/play-state>\n\n            <play-button class=\"mx-2 block\" :label=\"$t('PLAYER.PLAY_EPISODE')\"><\/play-button>\n\n            <play-state on=\"active\">\n              <step-forward class=\"mx-2 block\"><\/step-forward>\n            <\/play-state>\n            <play-state on=\"active\">\n              <chapter-next class=\"mx-2 block\"><\/chapter-next>\n            <\/play-state>\n          <\/div>\n\n          <div class=\"block\">\n            <play-state on=\"active\">\n              <volume-control class=\"flex items-center\"><\/volume-control>\n            <\/play-state>\n          <\/div>\n        <\/div>\n        <div class=\"flex w-full\">\n          <progress-bar><\/progress-bar>\n        <\/div>\n        <div class=\"flex w-full -mt-2\">\n          <div class=\"w-3\/12 text-left\">\n            <timer-current class=\"text-sm\"><\/timer-current>\n          <\/div>\n          <div class=\"w-6\/12 text-center truncate\">\n            <play-state on=\"active\">\n              <current-chapter class=\"text-sm\"><\/current-chapter>\n            <\/play-state>\n          <\/div>\n          <div class=\"w-3\/12 text-right\">\n            <timer-duration class=\"text-sm\"><\/timer-duration>\n          <\/div>\n        <\/div>\n      <\/div>\n    <\/div>\n    <divider class=\"w-full mt-6 mb-3\"><\/divider>\n    <div class=\"flex justify-between\">\n      <div class=\"flex mobile:w-full tablet:w-3\/12 desktop:w-3\/12 justify-between\">\n        <tab-trigger tab=\"chapters\">\n          <icon type=\"chapter\"><\/icon>\n        <\/tab-trigger>\n        <tab-trigger tab=\"transcripts\">\n          <icon type=\"transcripts\"><\/icon>\n        <\/tab-trigger>\n        <tab-trigger tab=\"files\">\n          <icon type=\"download\"><\/icon>\n        <\/tab-trigger>\n        <tab-trigger tab=\"playlist\">\n          <icon type=\"playlist\"><\/icon>\n        <\/tab-trigger>\n        <tab-trigger tab=\"share\">\n          <icon type=\"share\"><\/icon>\n        <\/tab-trigger>\n      <\/div>\n      <subscribe-button class=\"mt-1 mobile:hidden tablet:flex\"><\/subscribe-button>\n    <\/div>\n  <\/div>\n  <div class=\"w-full relative overflow-hidden\">\n    <tab name=\"chapters\">\n      <tab-chapters><\/tab-chapters>\n    <\/tab>\n    <tab name=\"transcripts\">\n      <tab-transcripts><\/tab-transcripts>\n    <\/tab>\n    <tab name=\"files\">\n      <tab-files><\/tab-files>\n    <\/tab>\n    <tab name=\"playlist\">\n      <tab-playlist><\/tab-playlist>\n    <\/tab>\n    <tab name=\"share\">\n      <tab-share><\/tab-share>\n    <\/tab>\n    <tab-overflow><\/tab-overflow>\n  <\/div>\n  <error><\/error>\n<\/root>\n<\/div>\n            <script>\n              document.addEventListener(\"DOMContentLoaded\", function() {\n                var player = document.getElementById(\"player-69f5a90aee3e3\");\n                podlovePlayerCache.add([{\"url\":\"https:\\\/\\\/podcast.kuubus.de\\\/viererkette\\\/wp-json\\\/podlove-web-player\\\/shortcode\\\/publisher\\\/558\",\"data\":{\"version\":5,\"show\":{\"title\":\"Viererkette\",\"subtitle\":\"Der Fu\\u00dfball-Podcast, der auch mal in die Offensive geht\",\"summary\":\"Wenn vier begeisterte Fu\\u00dfballfans aufeinandertreffen, dann bilden sie die Viererkette. Dieser Podcast besch\\u00e4ftigt sich also mit einer der sch\\u00f6nsten Nebensachen der Welt, dem runden Leder. In illustrer Runde besprechen wir die Spieltage der Fu\\u00dfballbundesliga. Wir schauen aber auch \\u00fcber den Tellerrand hinaus und k\\u00fcmmern uns neben dem DFB-Pokal auch um die Spiele in Champions und Europa League. Die Spiele unserer Nationalmannschaft haben wir nat\\u00fcrlich ebenso im Blick. Euch erwarten Meinungen, knallharte Analysen und kontrovers und leidenschaftlich gef\\u00fchrte Diskussionen. Wir w\\u00fcnschen gute Unterhaltung bei der Viererkette, eurem neuen Fu\\u00dfballpodcast. \\u00dcber Rezensionen und Bewertungen freuen wir uns \\u00fcbrigens genauso, wie \\u00fcber einen Besuch in den sozialen Netzwerken.\",\"poster\":\"https:\\\/\\\/podcast.kuubus.de\\\/viererkette\\\/wp-content\\\/cache\\\/podlove\\\/98\\\/419056c5ea06c7d876850fc7d8c61f\\\/viererkette_500x.jpg\",\"link\":\"https:\\\/\\\/podcast.kuubus.de\\\/viererkette\"},\"title\":\"Episode 133 \\u2013 Alles was recht ist\",\"subtitle\":\"\",\"summary\":\"In der 133. Episode der Viererkette nehmen sich Mary, Totti, J\\u00fcrgen und Dirki geb\\u00fchrend Zeit f\\u00fcr das Geschehen am 33. Bundesligaspieltag. Wir stellen fest, dass die meisten Entscheidungen bereits gefallen sind. Eigentlich wird es am letzten Spieltag nur einen Tausch von Pl\\u00e4tzen geben. So muss sich noch herausstellen, ob Bayer Leverkusen oder die Borussia aus Gladbach in der K\\u00f6nigsklasse spielen. Das gleiche Bild ergibt sich in Sachen Europa League. Entweder schafft es Wolfsburg oder die Hoffenheimer finden das gl\\u00fccklichere Ende f\\u00fcr sich. Die einzige Frage, die dann noch zu kl\\u00e4ren ist, Hoffenheim direkt. Die einzige etwas spannendere Frage, die es zu kl\\u00e4ren gilt, ist die im Abstiegskampf. Steigt Bremen nach 40 Jahren ab? Spielt D\\u00fcsseldorf in der Relegation und wenn ja, gegen wen eigentlich? Wir besprechen die aktuelle Lage und loten die M\\u00f6glichkeiten aus. In diesem Zusammenhang ist es auch immer ratsam, ein bisschen am Trainer-Karussell zu drehen. Bleibt Favre in Dortmund und wenn nicht, geht er von sich aus oder wird er gegangen? Was passiert mit der Frankfurter Eintracht, die eine Saison zum beinahe vergessen hinter sich haben. H\\u00e4lt man an H\\u00fctter Fest, kann Covac wirklich zur\\u00fcckkommen? Und was machen die Abstiegsaspiranten. Plant Paderborn mit Baumgardt in Liga 2, was wird aus den Trainern in D\\u00fcsseldorf und Bremen. Fragen \\u00fcber Fragen, auf die wir in der Viererkette nat\\u00fcrlich keine verbindliche Antwort geben k\\u00f6nnen. Aber ein bisschen spekulieren wird am 33. Spieltag ja wohl erlaubt sein. Zum Schluss k\\u00fcmmern wir uns noch um die aktuelle Ausschreibung der \\u00dcbertragungsrechte ab der Saison 2021. Eigentlich wird sich kaum etwas \\u00e4ndern. Das einzige, was wir uns in der Viererkette noch w\\u00fcnschen ist, dass es auch eine private Alternative zum \\u00f6ffentlich-rechtlichen Rundfunk bei den Radiorechten gibt. Was die Fernsehrechte angeht, so finden wir, sollte jeder auf seine Kosten kommen, weil einfach f\\u00fcr jeden was dabei ist.\\r\\nWir w\\u00fcnschen wie immer gute Unterhaltung!\\r\\n\\r\\nH\\u00f6ren k\\u00f6nnt ihr die aktuelle Episode wie immer bei Soundcloud, iTunes, YouTube und Ko. Und im Podcatcher eurer Wahl und wie immer bei meinsprotpodcast.de\",\"publicationDate\":\"2020-06-22T21:31:50+02:00\",\"duration\":\"01:24:44.432\",\"poster\":\"https:\\\/\\\/podcast.kuubus.de\\\/viererkette\\\/wp-content\\\/cache\\\/podlove\\\/98\\\/419056c5ea06c7d876850fc7d8c61f\\\/viererkette_500x.jpg\",\"link\":\"https:\\\/\\\/podcast.kuubus.de\\\/viererkette\\\/episode-133-alles-was-recht-ist\\\/\",\"chapters\":[],\"audio\":[{\"url\":\"https:\\\/\\\/podcast.kuubus.de\\\/viererkette\\\/podlove\\\/file\\\/280\\\/s\\\/webplayer\\\/c\\\/website\\\/episode-133-alles-was-recht-ist.m4a\",\"size\":\"104174430\",\"title\":\"MPEG-4 AAC Audio (m4a)\",\"mimeType\":\"audio\\\/mp4\"}],\"files\":[{\"url\":\"https:\\\/\\\/podcast.kuubus.de\\\/viererkette\\\/podlove\\\/file\\\/280\\\/s\\\/webplayer\\\/episode-133-alles-was-recht-ist.m4a\",\"size\":\"104174430\",\"title\":\"MPEG-4 AAC Audio\",\"mimeType\":\"audio\\\/mp4\"}]}}, {\"url\":\"https:\\\/\\\/podcast.kuubus.de\\\/viererkette\\\/wp-json\\\/podlove-web-player\\\/shortcode\\\/config\\\/default\\\/theme\\\/default\",\"data\":{\"activeTab\":\"chapters\",\"subscribe-button\":null,\"share\":{\"channels\":[\"facebook\",\"twitter\",\"whats-app\",\"linkedin\",\"pinterest\",\"xing\",\"mail\",\"link\"],\"outlet\":\"https:\\\/\\\/podcast.kuubus.de\\\/viererkette\\\/wp-content\\\/plugins\\\/podlove-web-player\\\/web-player\\\/share.html\",\"sharePlaytime\":true},\"related-episodes\":{\"source\":\"disabled\",\"value\":null},\"version\":5,\"theme\":{\"tokens\":{\"brand\":\"#E64415\",\"brandDark\":\"#235973\",\"brandDarkest\":\"#1A3A4A\",\"brandLightest\":\"#E9F1F5\",\"shadeDark\":\"#807E7C\",\"shadeBase\":\"#807E7C\",\"contrast\":\"#000\",\"alt\":\"#fff\"},\"fonts\":{\"ci\":{\"name\":\"ci\",\"family\":[\"-apple-system\",\"BlinkMacSystemFont\",\"Segoe UI\",\"Roboto\",\"Helvetica\",\"Arial\",\"sans-serif\",\"Apple Color Emoji\",\"Segoe UI Emoji\\\", \\\"Segoe UI Symbol\"],\"src\":[],\"weight\":800},\"regular\":{\"name\":\"regular\",\"family\":[\"-apple-system\",\"BlinkMacSystemFont\",\"Segoe UI\",\"Roboto\",\"Helvetica\",\"Arial\",\"sans-serif\",\"Apple Color Emoji\",\"Segoe UI Emoji\\\", \\\"Segoe UI Symbol\"],\"src\":[],\"weight\":300},\"bold\":{\"name\":\"bold\",\"family\":[\"-apple-system\",\"BlinkMacSystemFont\",\"Segoe UI\",\"Roboto\",\"Helvetica\",\"Arial\",\"sans-serif\",\"Apple Color Emoji\",\"Segoe UI Emoji\\\", \\\"Segoe UI Symbol\"],\"src\":[],\"weight\":700}}},\"base\":\"https:\\\/\\\/podcast.kuubus.de\\\/viererkette\\\/wp-content\\\/plugins\\\/podlove-web-player\\\/web-player\\\/\"}}]);\n                podlovePlayer(player, \"https:\/\/podcast.kuubus.de\/viererkette\/wp-json\/podlove-web-player\/shortcode\/publisher\/558\", \"https:\/\/podcast.kuubus.de\/viererkette\/wp-json\/podlove-web-player\/shortcode\/config\/default\/theme\/default\").then(function() {\n                  player && player.classList.remove(\"podlove-web-player-loading\");\n                });\n              });\n            <\/script>\n            <style>\n              .podlove-web-player.podlove-web-player-loading {\n                opacity: 0;\n              }\n            <\/style>\n        \n\t\n\t\t<form action=\"#\"><div class=\"episode_downloads\"><input type=\"hidden\" name=\"ptm_source\" value=\"download\" \/><input type=\"hidden\" name=\"ptm_context\" value=\"select-button\" \/><select name=\"download_media_file\"><option value=\"280\" data-raw-url=\"https:\/\/podcast.kuubus.de\/viererkette\/podlove\/file\/280\/s\/download\/c\/select-show\/episode-133-alles-was-recht-ist.m4a\">MPEG-4 AAC Audio [99 MB]<\/option><\/select><button class=\"podlove-download-primary\">Download<\/button><button class=\"podlove-download-secondary\">Show URL<\/button><\/div><\/form><script>\nfunction podlove_document_ready(fn) {\n  if (document.readyState != 'loading'){\n    fn();\n  } else {\n    document.addEventListener('DOMContentLoaded', fn);\n  }\n}\n\npodlove_document_ready(function() {\n\tdocument.querySelectorAll(\".episode_downloads\").forEach(function(item) {\n        var selectEl = item.querySelector(\"select\");\n\n        item.querySelector(\"button.podlove-download-secondary\").addEventListener(\"click\", function(e) {\n\t\t\te.preventDefault();\n            var optionEl = selectEl.querySelector(\"option[value='\"+ selectEl.value +\"']\")\n            let url = optionEl.dataset.rawUrl;\n\t\t\tprompt(\"Feel free to copy and paste this URL\", url);\n\t\t\treturn false;\n\t\t})\n\t});\n});\n<\/script>\n<ul>\n<li>Analyse des 33. Bundesligaspieltags<\/li>\n<li>Diskussion \u00fcber die Ausschreibung der Bundesliga\u00fcbertragungsrechte<\/li>\n<li>Wir drehen am Trainer-Karussell<\/li>\n<\/ul>\n<p><!--more--><br \/>\nIn der 133. Episode der Viererkette nehmen sich Mary, Totti, J\u00fcrgen und Dirki geb\u00fchrend Zeit f\u00fcr das Geschehen am 33. Bundesligaspieltag. Wir stellen fest, dass die meisten Entscheidungen bereits gefallen sind. Eigentlich wird es am letzten Spieltag nur einen Tausch von Pl\u00e4tzen geben. So muss sich noch herausstellen, ob Bayer Leverkusen oder die Borussia aus Gladbach in der K\u00f6nigsklasse spielen. Das gleiche Bild ergibt sich in Sachen Europa League. Entweder schafft es Wolfsburg oder die Hoffenheimer finden das gl\u00fccklichere Ende f\u00fcr sich. Die einzige Frage, die dann noch zu kl\u00e4ren ist, Hoffenheim direkt. Die einzige etwas spannendere Frage, die es zu kl\u00e4ren gilt, ist die im Abstiegskampf. Steigt Bremen nach 40 Jahren ab? Spielt D\u00fcsseldorf in der Relegation und wenn ja, gegen wen eigentlich? Wir besprechen die aktuelle Lage und loten die M\u00f6glichkeiten aus. In diesem Zusammenhang ist es auch immer ratsam, ein bisschen am Trainer-Karussell zu drehen. Bleibt Favre in Dortmund und wenn nicht, geht er von sich aus oder wird er gegangen? Was passiert mit der Frankfurter Eintracht, die eine Saison zum beinahe vergessen hinter sich haben. H\u00e4lt man an H\u00fctter Fest, kann Covac wirklich zur\u00fcckkommen? Und was machen die Abstiegsaspiranten. Plant Paderborn mit Baumgardt in Liga 2, was wird aus den Trainern in D\u00fcsseldorf und Bremen. Fragen \u00fcber Fragen, auf die wir in der Viererkette nat\u00fcrlich keine verbindliche Antwort geben k\u00f6nnen. Aber ein bisschen spekulieren wird am 33. Spieltag ja wohl erlaubt sein. Zum Schluss k\u00fcmmern wir uns noch um die aktuelle Ausschreibung der \u00dcbertragungsrechte ab der Saison 2021. Eigentlich wird sich kaum etwas \u00e4ndern. Das einzige, was wir uns in der Viererkette noch w\u00fcnschen ist, dass es auch eine private Alternative zum \u00f6ffentlich-rechtlichen Rundfunk bei den Radiorechten gibt. Was die Fernsehrechte angeht, so finden wir, sollte jeder auf seine Kosten kommen, weil einfach f\u00fcr jeden was dabei ist.<br \/>\nWir w\u00fcnschen wie immer gute Unterhaltung!<\/p>\n<p>H\u00f6ren k\u00f6nnt ihr die aktuelle Episode wie immer bei Soundcloud, iTunes, YouTube und Ko. Und im Podcatcher eurer Wahl und wie immer bei meinsprotpodcast.de<\/p>\n","protected":false},"author":8,"featured_media":0,"comment_status":"open","ping_status":"open","template":"","meta":{"jetpack_post_was_ever_published":false,"footnotes":"","jetpack_publicize_message":"","jetpack_publicize_feature_enabled":true,"jetpack_social_post_already_shared":true,"jetpack_social_options":{"image_generator_settings":{"template":"highway","enabled":false},"version":2}},"tags":[53,93,55,331,30,15,332,16,4,328,219,5,330,25,329,320],"class_list":["post-558","podcast","type-podcast","status-publish","hentry","tag-1-bundesliga","tag-33-spieltag","tag-abstiegskampf","tag-amazon","tag-analyse","tag-champions-league","tag-dazn","tag-europa-league","tag-fussball","tag-letzter-spieltag","tag-meinsportpodcast-de","tag-podcast","tag-sky","tag-trainer","tag-trainer-karussell","tag-tv-rechte","post"],"jetpack_publicize_connections":[],"jetpack_sharing_enabled":true,"_links":{"self":[{"href":"https:\/\/podcast.kuubus.de\/viererkette\/wp-json\/wp\/v2\/episodes\/558","targetHints":{"allow":["GET"]}}],"collection":[{"href":"https:\/\/podcast.kuubus.de\/viererkette\/wp-json\/wp\/v2\/episodes"}],"about":[{"href":"https:\/\/podcast.kuubus.de\/viererkette\/wp-json\/wp\/v2\/types\/podcast"}],"author":[{"embeddable":true,"href":"https:\/\/podcast.kuubus.de\/viererkette\/wp-json\/wp\/v2\/users\/8"}],"replies":[{"embeddable":true,"href":"https:\/\/podcast.kuubus.de\/viererkette\/wp-json\/wp\/v2\/comments?post=558"}],"version-history":[{"count":1,"href":"https:\/\/podcast.kuubus.de\/viererkette\/wp-json\/wp\/v2\/episodes\/558\/revisions"}],"predecessor-version":[{"id":559,"href":"https:\/\/podcast.kuubus.de\/viererkette\/wp-json\/wp\/v2\/episodes\/558\/revisions\/559"}],"wp:attachment":[{"href":"https:\/\/podcast.kuubus.de\/viererkette\/wp-json\/wp\/v2\/media?parent=558"}],"wp:term":[{"taxonomy":"post_tag","embeddable":true,"href":"https:\/\/podcast.kuubus.de\/viererkette\/wp-json\/wp\/v2\/tags?post=558"}],"curies":[{"name":"wp","href":"https:\/\/api.w.org\/{rel}","templated":true}]}}