{"id":462,"date":"2019-10-09T10:15:52","date_gmt":"2019-10-09T08:15:52","guid":{"rendered":"podlove-2019-10-09t08:05:49+00:00-c0446ae56a3d538"},"modified":"2019-10-09T10:15:52","modified_gmt":"2019-10-09T08:15:52","slug":"episode-106-tellerwaescher-an-der-tabellenspitze","status":"publish","type":"podcast","link":"https:\/\/podcast.kuubus.de\/viererkette\/episode-106-tellerwaescher-an-der-tabellenspitze\/","title":{"rendered":"Episode 106 \u2013 Tellerw\u00e4scher an der Tabellenspitze"},"content":{"rendered":"\n\t\t\n            <div class=\"podlove-web-player intrinsic-ignore podlove-web-player-loading\" id=\"player-69f401db4c686\"><root data-test=\"player--xl\" style=\"max-width:950px;min-width:260px;\">\n  <div class=\"tablet:px-6 tablet:pt-6 mobile:px-4 mobile:pt-4 flex flex-col\">\n    <div class=\"flex-col items-center mobile:flex tablet:hidden\">\n      <show-title class=\"text-sm\"><\/show-title>\n      <episode-title class=\"text-base mb-2\"><\/episode-title>\n      <subscribe-button class=\"mb-4 mobile:flex tablet:hidden\"><\/subscribe-button>\n      <poster class=\"rounded-sm w-48 shadow overflow-hidden\"><\/poster>\n      <divider class=\"w-full my-6\"><\/divider>\n    <\/div>\n\n    <div class=\"tablet:flex flex-grow\">\n      <div class=\"w-64 mobile:hidden tablet:block tablet:mr-6\">\n        <poster class=\"rounded-sm shadow overflow-hidden\"><\/poster>\n      <\/div>\n      <div class=\"w-full\">\n        <div class=\"hidden tablet:block\">\n          <show-title class=\"text-base\"><\/show-title>\n          <episode-title class=\"text-xl desktop:text-2xl\"><\/episode-title>\n          <divider class=\"w-full my-4\"><\/divider>\n        <\/div>\n        <div class=\"flex items-center justify-between\">\n          <div class=\"block\">\n            <play-state on=\"active\">\n              <speed-control class=\"flex items-center\"><\/speed-control>\n            <\/play-state>\n          <\/div>\n\n          <div class=\"flex\">\n            <play-state on=\"active\">\n              <chapter-previous class=\"mx-2 block\"><\/chapter-previous>\n            <\/play-state>\n            <play-state on=\"active\">\n              <step-backward class=\"mx-2 block\"><\/step-backward>\n            <\/play-state>\n\n            <play-button class=\"mx-2 block\" :label=\"$t('PLAYER.PLAY_EPISODE')\"><\/play-button>\n\n            <play-state on=\"active\">\n              <step-forward class=\"mx-2 block\"><\/step-forward>\n            <\/play-state>\n            <play-state on=\"active\">\n              <chapter-next class=\"mx-2 block\"><\/chapter-next>\n            <\/play-state>\n          <\/div>\n\n          <div class=\"block\">\n            <play-state on=\"active\">\n              <volume-control class=\"flex items-center\"><\/volume-control>\n            <\/play-state>\n          <\/div>\n        <\/div>\n        <div class=\"flex w-full\">\n          <progress-bar><\/progress-bar>\n        <\/div>\n        <div class=\"flex w-full -mt-2\">\n          <div class=\"w-3\/12 text-left\">\n            <timer-current class=\"text-sm\"><\/timer-current>\n          <\/div>\n          <div class=\"w-6\/12 text-center truncate\">\n            <play-state on=\"active\">\n              <current-chapter class=\"text-sm\"><\/current-chapter>\n            <\/play-state>\n          <\/div>\n          <div class=\"w-3\/12 text-right\">\n            <timer-duration class=\"text-sm\"><\/timer-duration>\n          <\/div>\n        <\/div>\n      <\/div>\n    <\/div>\n    <divider class=\"w-full mt-6 mb-3\"><\/divider>\n    <div class=\"flex justify-between\">\n      <div class=\"flex mobile:w-full tablet:w-3\/12 desktop:w-3\/12 justify-between\">\n        <tab-trigger tab=\"chapters\">\n          <icon type=\"chapter\"><\/icon>\n        <\/tab-trigger>\n        <tab-trigger tab=\"transcripts\">\n          <icon type=\"transcripts\"><\/icon>\n        <\/tab-trigger>\n        <tab-trigger tab=\"files\">\n          <icon type=\"download\"><\/icon>\n        <\/tab-trigger>\n        <tab-trigger tab=\"playlist\">\n          <icon type=\"playlist\"><\/icon>\n        <\/tab-trigger>\n        <tab-trigger tab=\"share\">\n          <icon type=\"share\"><\/icon>\n        <\/tab-trigger>\n      <\/div>\n      <subscribe-button class=\"mt-1 mobile:hidden tablet:flex\"><\/subscribe-button>\n    <\/div>\n  <\/div>\n  <div class=\"w-full relative overflow-hidden\">\n    <tab name=\"chapters\">\n      <tab-chapters><\/tab-chapters>\n    <\/tab>\n    <tab name=\"transcripts\">\n      <tab-transcripts><\/tab-transcripts>\n    <\/tab>\n    <tab name=\"files\">\n      <tab-files><\/tab-files>\n    <\/tab>\n    <tab name=\"playlist\">\n      <tab-playlist><\/tab-playlist>\n    <\/tab>\n    <tab name=\"share\">\n      <tab-share><\/tab-share>\n    <\/tab>\n    <tab-overflow><\/tab-overflow>\n  <\/div>\n  <error><\/error>\n<\/root>\n<\/div>\n            <script>\n              document.addEventListener(\"DOMContentLoaded\", function() {\n                var player = document.getElementById(\"player-69f401db4c686\");\n                podlovePlayerCache.add([{\"url\":\"https:\\\/\\\/podcast.kuubus.de\\\/viererkette\\\/wp-json\\\/podlove-web-player\\\/shortcode\\\/publisher\\\/462\",\"data\":{\"version\":5,\"show\":{\"title\":\"Viererkette\",\"subtitle\":\"Der Fu\\u00dfball-Podcast, der auch mal in die Offensive geht\",\"summary\":\"Wenn vier begeisterte Fu\\u00dfballfans aufeinandertreffen, dann bilden sie die Viererkette. Dieser Podcast besch\\u00e4ftigt sich also mit einer der sch\\u00f6nsten Nebensachen der Welt, dem runden Leder. In illustrer Runde besprechen wir die Spieltage der Fu\\u00dfballbundesliga. Wir schauen aber auch \\u00fcber den Tellerrand hinaus und k\\u00fcmmern uns neben dem DFB-Pokal auch um die Spiele in Champions und Europa League. Die Spiele unserer Nationalmannschaft haben wir nat\\u00fcrlich ebenso im Blick. Euch erwarten Meinungen, knallharte Analysen und kontrovers und leidenschaftlich gef\\u00fchrte Diskussionen. Wir w\\u00fcnschen gute Unterhaltung bei der Viererkette, eurem neuen Fu\\u00dfballpodcast. \\u00dcber Rezensionen und Bewertungen freuen wir uns \\u00fcbrigens genauso, wie \\u00fcber einen Besuch in den sozialen Netzwerken.\",\"poster\":\"https:\\\/\\\/podcast.kuubus.de\\\/viererkette\\\/wp-content\\\/cache\\\/podlove\\\/98\\\/419056c5ea06c7d876850fc7d8c61f\\\/viererkette_500x.jpg\",\"link\":\"https:\\\/\\\/podcast.kuubus.de\\\/viererkette\"},\"title\":\"Episode 106 \\u2013 Tellerw\\u00e4scher an der Tabellenspitze\",\"subtitle\":\"\",\"summary\":\"In der 106. Episode des Viererkette Podcasts haben Mary, J\\u00fcrgen, Totti, Dirki und Ronny die Vergangenheit, die Gegenwart und die Zukunft im Auge. Wir schauen zur\\u00fcck auf die Spiele in Champions- und Europa League mit deutscher Beteiligung und stellen fest, dass die Ergebnisse eher durchwachsener Natur sind. Nat\\u00fcrlich k\\u00fcmmern wir uns um den 7. Bundesligaspieltag. An diesem gab es teilweise \\u00fcberraschende Ergebnisse und auch der Blick auf die Tabelle hat einen gewissen Hauch von \\u00dcberraschung in unsere Gesichter gezaubert. Kurz wollen wir noch nach vorn schauen, auf die Nationalmannschaft und einmal kurz dar\\u00fcber nachdenken, wie ernst wir unseren Bundestrainer noch nehmen k\\u00f6nnen.\\r\\n\\r\\nH\\u00f6ren k\\u00f6nnt ihr die aktuelle Episode wie immer bei YouTube, Soundcloud, iTunes und Ko., im Podcatcher eurer Wahl und nat\\u00fcrlich auch bei meinsportpodcast.de\",\"publicationDate\":\"2019-10-09T10:15:52+02:00\",\"duration\":\"01:07:20.340\",\"poster\":\"https:\\\/\\\/podcast.kuubus.de\\\/viererkette\\\/wp-content\\\/cache\\\/podlove\\\/44\\\/008c493a17fb706126cce2f05cb13f\\\/episode-106-tellerwaescher-an-der-tabellenspitze_500x.jpg\",\"link\":\"https:\\\/\\\/podcast.kuubus.de\\\/viererkette\\\/episode-106-tellerwaescher-an-der-tabellenspitze\\\/\",\"chapters\":[],\"audio\":[{\"url\":\"https:\\\/\\\/podcast.kuubus.de\\\/viererkette\\\/podlove\\\/file\\\/226\\\/s\\\/webplayer\\\/c\\\/website\\\/episode-106-tellerwaescher-an-der-tabellenspitze.m4a\",\"size\":\"82556046\",\"title\":\"MPEG-4 AAC Audio (m4a)\",\"mimeType\":\"audio\\\/mp4\"}],\"files\":[{\"url\":\"https:\\\/\\\/podcast.kuubus.de\\\/viererkette\\\/podlove\\\/file\\\/226\\\/s\\\/webplayer\\\/episode-106-tellerwaescher-an-der-tabellenspitze.m4a\",\"size\":\"82556046\",\"title\":\"MPEG-4 AAC Audio\",\"mimeType\":\"audio\\\/mp4\"}]}}, {\"url\":\"https:\\\/\\\/podcast.kuubus.de\\\/viererkette\\\/wp-json\\\/podlove-web-player\\\/shortcode\\\/config\\\/default\\\/theme\\\/default\",\"data\":{\"activeTab\":\"chapters\",\"subscribe-button\":null,\"share\":{\"channels\":[\"facebook\",\"twitter\",\"whats-app\",\"linkedin\",\"pinterest\",\"xing\",\"mail\",\"link\"],\"outlet\":\"https:\\\/\\\/podcast.kuubus.de\\\/viererkette\\\/wp-content\\\/plugins\\\/podlove-web-player\\\/web-player\\\/share.html\",\"sharePlaytime\":true},\"related-episodes\":{\"source\":\"disabled\",\"value\":null},\"version\":5,\"theme\":{\"tokens\":{\"brand\":\"#E64415\",\"brandDark\":\"#235973\",\"brandDarkest\":\"#1A3A4A\",\"brandLightest\":\"#E9F1F5\",\"shadeDark\":\"#807E7C\",\"shadeBase\":\"#807E7C\",\"contrast\":\"#000\",\"alt\":\"#fff\"},\"fonts\":{\"ci\":{\"name\":\"ci\",\"family\":[\"-apple-system\",\"BlinkMacSystemFont\",\"Segoe UI\",\"Roboto\",\"Helvetica\",\"Arial\",\"sans-serif\",\"Apple Color Emoji\",\"Segoe UI Emoji\\\", \\\"Segoe UI Symbol\"],\"src\":[],\"weight\":800},\"regular\":{\"name\":\"regular\",\"family\":[\"-apple-system\",\"BlinkMacSystemFont\",\"Segoe UI\",\"Roboto\",\"Helvetica\",\"Arial\",\"sans-serif\",\"Apple Color Emoji\",\"Segoe UI Emoji\\\", \\\"Segoe UI Symbol\"],\"src\":[],\"weight\":300},\"bold\":{\"name\":\"bold\",\"family\":[\"-apple-system\",\"BlinkMacSystemFont\",\"Segoe UI\",\"Roboto\",\"Helvetica\",\"Arial\",\"sans-serif\",\"Apple Color Emoji\",\"Segoe UI Emoji\\\", \\\"Segoe UI Symbol\"],\"src\":[],\"weight\":700}}},\"base\":\"https:\\\/\\\/podcast.kuubus.de\\\/viererkette\\\/wp-content\\\/plugins\\\/podlove-web-player\\\/web-player\\\/\"}}]);\n                podlovePlayer(player, \"https:\/\/podcast.kuubus.de\/viererkette\/wp-json\/podlove-web-player\/shortcode\/publisher\/462\", \"https:\/\/podcast.kuubus.de\/viererkette\/wp-json\/podlove-web-player\/shortcode\/config\/default\/theme\/default\").then(function() {\n                  player && player.classList.remove(\"podlove-web-player-loading\");\n                });\n              });\n            <\/script>\n            <style>\n              .podlove-web-player.podlove-web-player-loading {\n                opacity: 0;\n              }\n            <\/style>\n        \n\t\n\t\t<form action=\"#\"><div class=\"episode_downloads\"><input type=\"hidden\" name=\"ptm_source\" value=\"download\" \/><input type=\"hidden\" name=\"ptm_context\" value=\"select-button\" \/><select name=\"download_media_file\"><option value=\"226\" data-raw-url=\"https:\/\/podcast.kuubus.de\/viererkette\/podlove\/file\/226\/s\/download\/c\/select-show\/episode-106-tellerwaescher-an-der-tabellenspitze.m4a\">MPEG-4 AAC Audio [79 MB]<\/option><\/select><button class=\"podlove-download-primary\">Download<\/button><button class=\"podlove-download-secondary\">Show URL<\/button><\/div><\/form><script>\nfunction podlove_document_ready(fn) {\n  if (document.readyState != 'loading'){\n    fn();\n  } else {\n    document.addEventListener('DOMContentLoaded', fn);\n  }\n}\n\npodlove_document_ready(function() {\n\tdocument.querySelectorAll(\".episode_downloads\").forEach(function(item) {\n        var selectEl = item.querySelector(\"select\");\n\n        item.querySelector(\"button.podlove-download-secondary\").addEventListener(\"click\", function(e) {\n\t\t\te.preventDefault();\n            var optionEl = selectEl.querySelector(\"option[value='\"+ selectEl.value +\"']\")\n            let url = optionEl.dataset.rawUrl;\n\t\t\tprompt(\"Feel free to copy and paste this URL\", url);\n\t\t\treturn false;\n\t\t})\n\t});\n});\n<\/script>\n<ul>\n<li>Gedanken zur Nationalmannschaft<\/li>\n<li>R\u00fcckblick auf die Spiele in Champions- und Europa League mit deutscher Beteiligung<\/li>\n<li>Analyse des 7. Bundesligaspieltags<\/li>\n<\/ul>\n<p><!--more--><br \/>\nIn der 106. Episode des Viererkette Podcasts haben Mary, J\u00fcrgen, Totti, Dirki und Ronny die Vergangenheit, die Gegenwart und die Zukunft im Auge. Wir schauen zur\u00fcck auf die Spiele in Champions- und Europa League mit deutscher Beteiligung und stellen fest, dass die Ergebnisse eher durchwachsener Natur sind. Nat\u00fcrlich k\u00fcmmern wir uns um den 7. Bundesligaspieltag. An diesem gab es teilweise \u00fcberraschende Ergebnisse und auch der Blick auf die Tabelle hat einen gewissen Hauch von \u00dcberraschung in unsere Gesichter gezaubert. Kurz wollen wir noch nach vorn schauen, auf die Nationalmannschaft und einmal kurz dar\u00fcber nachdenken, wie ernst wir unseren Bundestrainer noch nehmen k\u00f6nnen.<\/p>\n<p>H\u00f6ren k\u00f6nnt ihr die aktuelle Episode wie immer bei YouTube, Soundcloud, iTunes und Ko., im Podcatcher eurer Wahl und nat\u00fcrlich auch bei meinsportpodcast.de<\/p>\n","protected":false},"author":8,"featured_media":15,"comment_status":"open","ping_status":"open","template":"","meta":{"jetpack_post_was_ever_published":false,"footnotes":"","jetpack_publicize_message":"","jetpack_publicize_feature_enabled":true,"jetpack_social_post_already_shared":true,"jetpack_social_options":{"image_generator_settings":{"template":"highway","enabled":false},"version":2}},"tags":[53,124,132,30,15,16,4,225,58,5,9,276,175],"class_list":["post-462","podcast","type-podcast","status-publish","has-post-thumbnail","hentry","tag-1-bundesliga","tag-2-spieltag","tag-7-spieltag","tag-analyse","tag-champions-league","tag-europa-league","tag-fussball","tag-meinsportpodcast","tag-nationalmannschaft","tag-podcast","tag-tabelle","tag-tellerwaescher","tag-ueberraschungen","post"],"jetpack_publicize_connections":[],"jetpack_sharing_enabled":true,"_links":{"self":[{"href":"https:\/\/podcast.kuubus.de\/viererkette\/wp-json\/wp\/v2\/episodes\/462","targetHints":{"allow":["GET"]}}],"collection":[{"href":"https:\/\/podcast.kuubus.de\/viererkette\/wp-json\/wp\/v2\/episodes"}],"about":[{"href":"https:\/\/podcast.kuubus.de\/viererkette\/wp-json\/wp\/v2\/types\/podcast"}],"author":[{"embeddable":true,"href":"https:\/\/podcast.kuubus.de\/viererkette\/wp-json\/wp\/v2\/users\/8"}],"replies":[{"embeddable":true,"href":"https:\/\/podcast.kuubus.de\/viererkette\/wp-json\/wp\/v2\/comments?post=462"}],"version-history":[{"count":1,"href":"https:\/\/podcast.kuubus.de\/viererkette\/wp-json\/wp\/v2\/episodes\/462\/revisions"}],"predecessor-version":[{"id":463,"href":"https:\/\/podcast.kuubus.de\/viererkette\/wp-json\/wp\/v2\/episodes\/462\/revisions\/463"}],"wp:featuredmedia":[{"embeddable":true,"href":"https:\/\/podcast.kuubus.de\/viererkette\/wp-json\/wp\/v2\/media\/15"}],"wp:attachment":[{"href":"https:\/\/podcast.kuubus.de\/viererkette\/wp-json\/wp\/v2\/media?parent=462"}],"wp:term":[{"taxonomy":"post_tag","embeddable":true,"href":"https:\/\/podcast.kuubus.de\/viererkette\/wp-json\/wp\/v2\/tags?post=462"}],"curies":[{"name":"wp","href":"https:\/\/api.w.org\/{rel}","templated":true}]}}