{"id":457,"date":"2019-09-25T22:02:37","date_gmt":"2019-09-25T20:02:37","guid":{"rendered":"podlove-2019-09-25t19:48:28+00:00-f83087d3036116a"},"modified":"2019-09-25T22:02:37","modified_gmt":"2019-09-25T20:02:37","slug":"episode-104-alles-eine-frage-der-mentalitaet","status":"publish","type":"podcast","link":"https:\/\/podcast.kuubus.de\/viererkette\/episode-104-alles-eine-frage-der-mentalitaet\/","title":{"rendered":"Episode 104 \u2013 Alles eine Frage der Mentalit\u00e4t"},"content":{"rendered":"\n\t\t\n            <div class=\"podlove-web-player intrinsic-ignore podlove-web-player-loading\" id=\"player-69ef5179e01b7\"><root data-test=\"player--xl\" style=\"max-width:950px;min-width:260px;\">\n  <div class=\"tablet:px-6 tablet:pt-6 mobile:px-4 mobile:pt-4 flex flex-col\">\n    <div class=\"flex-col items-center mobile:flex tablet:hidden\">\n      <show-title class=\"text-sm\"><\/show-title>\n      <episode-title class=\"text-base mb-2\"><\/episode-title>\n      <subscribe-button class=\"mb-4 mobile:flex tablet:hidden\"><\/subscribe-button>\n      <poster class=\"rounded-sm w-48 shadow overflow-hidden\"><\/poster>\n      <divider class=\"w-full my-6\"><\/divider>\n    <\/div>\n\n    <div class=\"tablet:flex flex-grow\">\n      <div class=\"w-64 mobile:hidden tablet:block tablet:mr-6\">\n        <poster class=\"rounded-sm shadow overflow-hidden\"><\/poster>\n      <\/div>\n      <div class=\"w-full\">\n        <div class=\"hidden tablet:block\">\n          <show-title class=\"text-base\"><\/show-title>\n          <episode-title class=\"text-xl desktop:text-2xl\"><\/episode-title>\n          <divider class=\"w-full my-4\"><\/divider>\n        <\/div>\n        <div class=\"flex items-center justify-between\">\n          <div class=\"block\">\n            <play-state on=\"active\">\n              <speed-control class=\"flex items-center\"><\/speed-control>\n            <\/play-state>\n          <\/div>\n\n          <div class=\"flex\">\n            <play-state on=\"active\">\n              <chapter-previous class=\"mx-2 block\"><\/chapter-previous>\n            <\/play-state>\n            <play-state on=\"active\">\n              <step-backward class=\"mx-2 block\"><\/step-backward>\n            <\/play-state>\n\n            <play-button class=\"mx-2 block\" :label=\"$t('PLAYER.PLAY_EPISODE')\"><\/play-button>\n\n            <play-state on=\"active\">\n              <step-forward class=\"mx-2 block\"><\/step-forward>\n            <\/play-state>\n            <play-state on=\"active\">\n              <chapter-next class=\"mx-2 block\"><\/chapter-next>\n            <\/play-state>\n          <\/div>\n\n          <div class=\"block\">\n            <play-state on=\"active\">\n              <volume-control class=\"flex items-center\"><\/volume-control>\n            <\/play-state>\n          <\/div>\n        <\/div>\n        <div class=\"flex w-full\">\n          <progress-bar><\/progress-bar>\n        <\/div>\n        <div class=\"flex w-full -mt-2\">\n          <div class=\"w-3\/12 text-left\">\n            <timer-current class=\"text-sm\"><\/timer-current>\n          <\/div>\n          <div class=\"w-6\/12 text-center truncate\">\n            <play-state on=\"active\">\n              <current-chapter class=\"text-sm\"><\/current-chapter>\n            <\/play-state>\n          <\/div>\n          <div class=\"w-3\/12 text-right\">\n            <timer-duration class=\"text-sm\"><\/timer-duration>\n          <\/div>\n        <\/div>\n      <\/div>\n    <\/div>\n    <divider class=\"w-full mt-6 mb-3\"><\/divider>\n    <div class=\"flex justify-between\">\n      <div class=\"flex mobile:w-full tablet:w-3\/12 desktop:w-3\/12 justify-between\">\n        <tab-trigger tab=\"chapters\">\n          <icon type=\"chapter\"><\/icon>\n        <\/tab-trigger>\n        <tab-trigger tab=\"transcripts\">\n          <icon type=\"transcripts\"><\/icon>\n        <\/tab-trigger>\n        <tab-trigger tab=\"files\">\n          <icon type=\"download\"><\/icon>\n        <\/tab-trigger>\n        <tab-trigger tab=\"playlist\">\n          <icon type=\"playlist\"><\/icon>\n        <\/tab-trigger>\n        <tab-trigger tab=\"share\">\n          <icon type=\"share\"><\/icon>\n        <\/tab-trigger>\n      <\/div>\n      <subscribe-button class=\"mt-1 mobile:hidden tablet:flex\"><\/subscribe-button>\n    <\/div>\n  <\/div>\n  <div class=\"w-full relative overflow-hidden\">\n    <tab name=\"chapters\">\n      <tab-chapters><\/tab-chapters>\n    <\/tab>\n    <tab name=\"transcripts\">\n      <tab-transcripts><\/tab-transcripts>\n    <\/tab>\n    <tab name=\"files\">\n      <tab-files><\/tab-files>\n    <\/tab>\n    <tab name=\"playlist\">\n      <tab-playlist><\/tab-playlist>\n    <\/tab>\n    <tab name=\"share\">\n      <tab-share><\/tab-share>\n    <\/tab>\n    <tab-overflow><\/tab-overflow>\n  <\/div>\n  <error><\/error>\n<\/root>\n<\/div>\n            <script>\n              document.addEventListener(\"DOMContentLoaded\", function() {\n                var player = document.getElementById(\"player-69ef5179e01b7\");\n                podlovePlayerCache.add([{\"url\":\"https:\\\/\\\/podcast.kuubus.de\\\/viererkette\\\/wp-json\\\/podlove-web-player\\\/shortcode\\\/publisher\\\/457\",\"data\":{\"version\":5,\"show\":{\"title\":\"Viererkette\",\"subtitle\":\"Der Fu\\u00dfball-Podcast, der auch mal in die Offensive geht\",\"summary\":\"Wenn vier begeisterte Fu\\u00dfballfans aufeinandertreffen, dann bilden sie die Viererkette. Dieser Podcast besch\\u00e4ftigt sich also mit einer der sch\\u00f6nsten Nebensachen der Welt, dem runden Leder. In illustrer Runde besprechen wir die Spieltage der Fu\\u00dfballbundesliga. Wir schauen aber auch \\u00fcber den Tellerrand hinaus und k\\u00fcmmern uns neben dem DFB-Pokal auch um die Spiele in Champions und Europa League. Die Spiele unserer Nationalmannschaft haben wir nat\\u00fcrlich ebenso im Blick. Euch erwarten Meinungen, knallharte Analysen und kontrovers und leidenschaftlich gef\\u00fchrte Diskussionen. Wir w\\u00fcnschen gute Unterhaltung bei der Viererkette, eurem neuen Fu\\u00dfballpodcast. \\u00dcber Rezensionen und Bewertungen freuen wir uns \\u00fcbrigens genauso, wie \\u00fcber einen Besuch in den sozialen Netzwerken.\",\"poster\":\"https:\\\/\\\/podcast.kuubus.de\\\/viererkette\\\/wp-content\\\/cache\\\/podlove\\\/98\\\/419056c5ea06c7d876850fc7d8c61f\\\/viererkette_500x.jpg\",\"link\":\"https:\\\/\\\/podcast.kuubus.de\\\/viererkette\"},\"title\":\"Episode 104 \\u2013 Alles eine Frage der Mentalit\\u00e4t\",\"subtitle\":\"\",\"summary\":\"In der 104. Episode der Viererkette nehmen sich Mary, Ronny, Totti, J\\u00fcrgen, Dirki und Dennis zun\\u00e4chst die Spiele aus Champions- und Europa League aus der Vergangenen Woche vor. Dabei stellen wir fest, dass sich Dortmund, Leipzig und Bayern achtbar in der K\\u00f6nigsklasse geschlagen haben und dass man beim Leverkusener Spiel durchaus von einer Blamage sprechen darf. Das gleiche Schema begegnet uns in der Europa League. Dort hatte es die Frankfurter Eintracht mit Arsenal London sehr schwer, Wolfsburg hat den Pflichtsieg erreicht und die Gladbacher Borussia hat sich kr\\u00e4ftig blamiert. Dann hinterfragen wir die Wahl zum Weltfu\\u00dfballer des Jahres. An sich versteht keiner aus unserem Podcast Team, warum es Messi geworden ist. Ausf\\u00fchrlich k\\u00fcmmern wir uns wie immer um den 5. Bundesligaspieltag. Wobei die Sorge um die Berliner Hertha, die Bewunderung f\\u00fcr Leipzigs Durchmarsch, die Feststellung Dortmunder Schw\\u00e4chen und staunende Worte f\\u00fcr Robert Lewandowski die tragende Rolle einnehmen sollen.\\r\\n\\r\\nH\\u00f6ren k\\u00f6nnt ihr die aktuelle Episode wie immer bei Soundcloud, YouTube, iTunes und Ko., im Podcatcher eurer Wahl und bei meinsportpodcast.de\",\"publicationDate\":\"2019-09-25T22:02:37+02:00\",\"duration\":\"01:12:38.968\",\"poster\":\"https:\\\/\\\/podcast.kuubus.de\\\/viererkette\\\/podlove\\\/image\\\/68747470733a2f2f706f64636173742e6b75756275732e64652f7669657265726b657474652f77702d636f6e74656e742f75706c6f6164732f73697465732f342f323031362f31312f73656974656e7761686c2d77702d7069632e6a7067\\\/500\\\/0\\\/0\\\/episode-104-alles-eine-frage-der-mentalitaet\",\"link\":\"https:\\\/\\\/podcast.kuubus.de\\\/viererkette\\\/episode-104-alles-eine-frage-der-mentalitaet\\\/\",\"chapters\":[],\"audio\":[{\"url\":\"https:\\\/\\\/podcast.kuubus.de\\\/viererkette\\\/podlove\\\/file\\\/222\\\/s\\\/webplayer\\\/c\\\/website\\\/episode-104-alles-eine-frage-der-mentalitaet.m4a\",\"size\":\"89064066\",\"title\":\"MPEG-4 AAC Audio (m4a)\",\"mimeType\":\"audio\\\/mp4\"}],\"files\":[{\"url\":\"https:\\\/\\\/podcast.kuubus.de\\\/viererkette\\\/podlove\\\/file\\\/222\\\/s\\\/webplayer\\\/episode-104-alles-eine-frage-der-mentalitaet.m4a\",\"size\":\"89064066\",\"title\":\"MPEG-4 AAC Audio\",\"mimeType\":\"audio\\\/mp4\"}]}}, {\"url\":\"https:\\\/\\\/podcast.kuubus.de\\\/viererkette\\\/wp-json\\\/podlove-web-player\\\/shortcode\\\/config\\\/default\\\/theme\\\/default\",\"data\":{\"activeTab\":\"chapters\",\"subscribe-button\":null,\"share\":{\"channels\":[\"facebook\",\"twitter\",\"whats-app\",\"linkedin\",\"pinterest\",\"xing\",\"mail\",\"link\"],\"outlet\":\"https:\\\/\\\/podcast.kuubus.de\\\/viererkette\\\/wp-content\\\/plugins\\\/podlove-web-player\\\/web-player\\\/share.html\",\"sharePlaytime\":true},\"related-episodes\":{\"source\":\"disabled\",\"value\":null},\"version\":5,\"theme\":{\"tokens\":{\"brand\":\"#E64415\",\"brandDark\":\"#235973\",\"brandDarkest\":\"#1A3A4A\",\"brandLightest\":\"#E9F1F5\",\"shadeDark\":\"#807E7C\",\"shadeBase\":\"#807E7C\",\"contrast\":\"#000\",\"alt\":\"#fff\"},\"fonts\":{\"ci\":{\"name\":\"ci\",\"family\":[\"-apple-system\",\"BlinkMacSystemFont\",\"Segoe UI\",\"Roboto\",\"Helvetica\",\"Arial\",\"sans-serif\",\"Apple Color Emoji\",\"Segoe UI Emoji\\\", \\\"Segoe UI Symbol\"],\"src\":[],\"weight\":800},\"regular\":{\"name\":\"regular\",\"family\":[\"-apple-system\",\"BlinkMacSystemFont\",\"Segoe UI\",\"Roboto\",\"Helvetica\",\"Arial\",\"sans-serif\",\"Apple Color Emoji\",\"Segoe UI Emoji\\\", \\\"Segoe UI Symbol\"],\"src\":[],\"weight\":300},\"bold\":{\"name\":\"bold\",\"family\":[\"-apple-system\",\"BlinkMacSystemFont\",\"Segoe UI\",\"Roboto\",\"Helvetica\",\"Arial\",\"sans-serif\",\"Apple Color Emoji\",\"Segoe UI Emoji\\\", \\\"Segoe UI Symbol\"],\"src\":[],\"weight\":700}}},\"base\":\"https:\\\/\\\/podcast.kuubus.de\\\/viererkette\\\/wp-content\\\/plugins\\\/podlove-web-player\\\/web-player\\\/\"}}]);\n                podlovePlayer(player, \"https:\/\/podcast.kuubus.de\/viererkette\/wp-json\/podlove-web-player\/shortcode\/publisher\/457\", \"https:\/\/podcast.kuubus.de\/viererkette\/wp-json\/podlove-web-player\/shortcode\/config\/default\/theme\/default\").then(function() {\n                  player && player.classList.remove(\"podlove-web-player-loading\");\n                });\n              });\n            <\/script>\n            <style>\n              .podlove-web-player.podlove-web-player-loading {\n                opacity: 0;\n              }\n            <\/style>\n        \n\t\n\t\t<form action=\"#\"><div class=\"episode_downloads\"><input type=\"hidden\" name=\"ptm_source\" value=\"download\" \/><input type=\"hidden\" name=\"ptm_context\" value=\"select-button\" \/><select name=\"download_media_file\"><option value=\"222\" data-raw-url=\"https:\/\/podcast.kuubus.de\/viererkette\/podlove\/file\/222\/s\/download\/c\/select-show\/episode-104-alles-eine-frage-der-mentalitaet.m4a\">MPEG-4 AAC Audio [85 MB]<\/option><\/select><button class=\"podlove-download-primary\">Download<\/button><button class=\"podlove-download-secondary\">Show URL<\/button><\/div><\/form><script>\nfunction podlove_document_ready(fn) {\n  if (document.readyState != 'loading'){\n    fn();\n  } else {\n    document.addEventListener('DOMContentLoaded', fn);\n  }\n}\n\npodlove_document_ready(function() {\n\tdocument.querySelectorAll(\".episode_downloads\").forEach(function(item) {\n        var selectEl = item.querySelector(\"select\");\n\n        item.querySelector(\"button.podlove-download-secondary\").addEventListener(\"click\", function(e) {\n\t\t\te.preventDefault();\n            var optionEl = selectEl.querySelector(\"option[value='\"+ selectEl.value +\"']\")\n            let url = optionEl.dataset.rawUrl;\n\t\t\tprompt(\"Feel free to copy and paste this URL\", url);\n\t\t\treturn false;\n\t\t})\n\t});\n});\n<\/script>\n<ul>\n<li>R\u00fcckblick auf die Spiele in Champions- und Europa League mit deutscher Beteiligung<\/li>\n<li>Gedanken zur Wahl des Weltfu\u00dfballers des Jahres<\/li>\n<li>Analyse des 5. Bundesligaspieltags<\/li>\n<\/ul>\n<p><!--more--><br \/>\nIn der 104. Episode der Viererkette nehmen sich Mary, Ronny, Totti, J\u00fcrgen, Dirki und Dennis zun\u00e4chst die Spiele aus Champions- und Europa League aus der Vergangenen Woche vor. Dabei stellen wir fest, dass sich Dortmund, Leipzig und Bayern achtbar in der K\u00f6nigsklasse geschlagen haben und dass man beim Leverkusener Spiel durchaus von einer Blamage sprechen darf. Das gleiche Schema begegnet uns in der Europa League. Dort hatte es die Frankfurter Eintracht mit Arsenal London sehr schwer, Wolfsburg hat den Pflichtsieg erreicht und die Gladbacher Borussia hat sich kr\u00e4ftig blamiert. Dann hinterfragen wir die Wahl zum Weltfu\u00dfballer des Jahres. An sich versteht keiner aus unserem Podcast Team, warum es Messi geworden ist. Ausf\u00fchrlich k\u00fcmmern wir uns wie immer um den 5. Bundesligaspieltag. Wobei die Sorge um die Berliner Hertha, die Bewunderung f\u00fcr Leipzigs Durchmarsch, die Feststellung Dortmunder Schw\u00e4chen und staunende Worte f\u00fcr Robert Lewandowski die tragende Rolle einnehmen sollen.<\/p>\n<p>H\u00f6ren k\u00f6nnt ihr die aktuelle Episode wie immer bei Soundcloud, YouTube, iTunes und Ko., im Podcatcher eurer Wahl und bei meinsportpodcast.de<\/p>\n","protected":false},"author":8,"featured_media":15,"comment_status":"open","ping_status":"open","template":"","meta":{"jetpack_post_was_ever_published":false,"footnotes":"","jetpack_publicize_message":"","jetpack_publicize_feature_enabled":true,"jetpack_social_post_already_shared":true,"jetpack_social_options":{"image_generator_settings":{"template":"highway","enabled":false},"version":2}},"tags":[53,122,198,30,268,269,15,16,4,272,225,271,5,270],"class_list":["post-457","podcast","type-podcast","status-publish","has-post-thumbnail","hentry","tag-1-bundesliga","tag-1-spieltag","tag-5-spieltag","tag-analyse","tag-analysen","tag-blamage","tag-champions-league","tag-europa-league","tag-fussball","tag-lewandowski","tag-meinsportpodcast","tag-messi","tag-podcast","tag-weltfussballer","post"],"jetpack_publicize_connections":[],"jetpack_sharing_enabled":true,"_links":{"self":[{"href":"https:\/\/podcast.kuubus.de\/viererkette\/wp-json\/wp\/v2\/episodes\/457","targetHints":{"allow":["GET"]}}],"collection":[{"href":"https:\/\/podcast.kuubus.de\/viererkette\/wp-json\/wp\/v2\/episodes"}],"about":[{"href":"https:\/\/podcast.kuubus.de\/viererkette\/wp-json\/wp\/v2\/types\/podcast"}],"author":[{"embeddable":true,"href":"https:\/\/podcast.kuubus.de\/viererkette\/wp-json\/wp\/v2\/users\/8"}],"replies":[{"embeddable":true,"href":"https:\/\/podcast.kuubus.de\/viererkette\/wp-json\/wp\/v2\/comments?post=457"}],"version-history":[{"count":1,"href":"https:\/\/podcast.kuubus.de\/viererkette\/wp-json\/wp\/v2\/episodes\/457\/revisions"}],"predecessor-version":[{"id":458,"href":"https:\/\/podcast.kuubus.de\/viererkette\/wp-json\/wp\/v2\/episodes\/457\/revisions\/458"}],"wp:featuredmedia":[{"embeddable":true,"href":"https:\/\/podcast.kuubus.de\/viererkette\/wp-json\/wp\/v2\/media\/15"}],"wp:attachment":[{"href":"https:\/\/podcast.kuubus.de\/viererkette\/wp-json\/wp\/v2\/media?parent=457"}],"wp:term":[{"taxonomy":"post_tag","embeddable":true,"href":"https:\/\/podcast.kuubus.de\/viererkette\/wp-json\/wp\/v2\/tags?post=457"}],"curies":[{"name":"wp","href":"https:\/\/api.w.org\/{rel}","templated":true}]}}