{"id":321,"date":"2018-07-10T10:28:17","date_gmt":"2018-07-10T08:28:17","guid":{"rendered":"podlove-2018-07-10t08:18:28+00:00-197ad0b8afb3a43"},"modified":"2018-07-10T10:28:17","modified_gmt":"2018-07-10T08:28:17","slug":"episode-60-hasta-la-vista-suedamerika","status":"publish","type":"podcast","link":"https:\/\/podcast.kuubus.de\/viererkette\/episode-60-hasta-la-vista-suedamerika\/","title":{"rendered":"Episode 60 \u2013 Hasta la Vista S\u00fcdamerika"},"content":{"rendered":"\n\t\t\n            <div class=\"podlove-web-player intrinsic-ignore podlove-web-player-loading\" id=\"player-69f31e06c8fd2\"><root data-test=\"player--xl\" style=\"max-width:950px;min-width:260px;\">\n  <div class=\"tablet:px-6 tablet:pt-6 mobile:px-4 mobile:pt-4 flex flex-col\">\n    <div class=\"flex-col items-center mobile:flex tablet:hidden\">\n      <show-title class=\"text-sm\"><\/show-title>\n      <episode-title class=\"text-base mb-2\"><\/episode-title>\n      <subscribe-button class=\"mb-4 mobile:flex tablet:hidden\"><\/subscribe-button>\n      <poster class=\"rounded-sm w-48 shadow overflow-hidden\"><\/poster>\n      <divider class=\"w-full my-6\"><\/divider>\n    <\/div>\n\n    <div class=\"tablet:flex flex-grow\">\n      <div class=\"w-64 mobile:hidden tablet:block tablet:mr-6\">\n        <poster class=\"rounded-sm shadow overflow-hidden\"><\/poster>\n      <\/div>\n      <div class=\"w-full\">\n        <div class=\"hidden tablet:block\">\n          <show-title class=\"text-base\"><\/show-title>\n          <episode-title class=\"text-xl desktop:text-2xl\"><\/episode-title>\n          <divider class=\"w-full my-4\"><\/divider>\n        <\/div>\n        <div class=\"flex items-center justify-between\">\n          <div class=\"block\">\n            <play-state on=\"active\">\n              <speed-control class=\"flex items-center\"><\/speed-control>\n            <\/play-state>\n          <\/div>\n\n          <div class=\"flex\">\n            <play-state on=\"active\">\n              <chapter-previous class=\"mx-2 block\"><\/chapter-previous>\n            <\/play-state>\n            <play-state on=\"active\">\n              <step-backward class=\"mx-2 block\"><\/step-backward>\n            <\/play-state>\n\n            <play-button class=\"mx-2 block\" :label=\"$t('PLAYER.PLAY_EPISODE')\"><\/play-button>\n\n            <play-state on=\"active\">\n              <step-forward class=\"mx-2 block\"><\/step-forward>\n            <\/play-state>\n            <play-state on=\"active\">\n              <chapter-next class=\"mx-2 block\"><\/chapter-next>\n            <\/play-state>\n          <\/div>\n\n          <div class=\"block\">\n            <play-state on=\"active\">\n              <volume-control class=\"flex items-center\"><\/volume-control>\n            <\/play-state>\n          <\/div>\n        <\/div>\n        <div class=\"flex w-full\">\n          <progress-bar><\/progress-bar>\n        <\/div>\n        <div class=\"flex w-full -mt-2\">\n          <div class=\"w-3\/12 text-left\">\n            <timer-current class=\"text-sm\"><\/timer-current>\n          <\/div>\n          <div class=\"w-6\/12 text-center truncate\">\n            <play-state on=\"active\">\n              <current-chapter class=\"text-sm\"><\/current-chapter>\n            <\/play-state>\n          <\/div>\n          <div class=\"w-3\/12 text-right\">\n            <timer-duration class=\"text-sm\"><\/timer-duration>\n          <\/div>\n        <\/div>\n      <\/div>\n    <\/div>\n    <divider class=\"w-full mt-6 mb-3\"><\/divider>\n    <div class=\"flex justify-between\">\n      <div class=\"flex mobile:w-full tablet:w-3\/12 desktop:w-3\/12 justify-between\">\n        <tab-trigger tab=\"chapters\">\n          <icon type=\"chapter\"><\/icon>\n        <\/tab-trigger>\n        <tab-trigger tab=\"transcripts\">\n          <icon type=\"transcripts\"><\/icon>\n        <\/tab-trigger>\n        <tab-trigger tab=\"files\">\n          <icon type=\"download\"><\/icon>\n        <\/tab-trigger>\n        <tab-trigger tab=\"playlist\">\n          <icon type=\"playlist\"><\/icon>\n        <\/tab-trigger>\n        <tab-trigger tab=\"share\">\n          <icon type=\"share\"><\/icon>\n        <\/tab-trigger>\n      <\/div>\n      <subscribe-button class=\"mt-1 mobile:hidden tablet:flex\"><\/subscribe-button>\n    <\/div>\n  <\/div>\n  <div class=\"w-full relative overflow-hidden\">\n    <tab name=\"chapters\">\n      <tab-chapters><\/tab-chapters>\n    <\/tab>\n    <tab name=\"transcripts\">\n      <tab-transcripts><\/tab-transcripts>\n    <\/tab>\n    <tab name=\"files\">\n      <tab-files><\/tab-files>\n    <\/tab>\n    <tab name=\"playlist\">\n      <tab-playlist><\/tab-playlist>\n    <\/tab>\n    <tab name=\"share\">\n      <tab-share><\/tab-share>\n    <\/tab>\n    <tab-overflow><\/tab-overflow>\n  <\/div>\n  <error><\/error>\n<\/root>\n<\/div>\n            <script>\n              document.addEventListener(\"DOMContentLoaded\", function() {\n                var player = document.getElementById(\"player-69f31e06c8fd2\");\n                podlovePlayerCache.add([{\"url\":\"https:\\\/\\\/podcast.kuubus.de\\\/viererkette\\\/wp-json\\\/podlove-web-player\\\/shortcode\\\/publisher\\\/321\",\"data\":{\"version\":5,\"show\":{\"title\":\"Viererkette\",\"subtitle\":\"Der Fu\\u00dfball-Podcast, der auch mal in die Offensive geht\",\"summary\":\"Wenn vier begeisterte Fu\\u00dfballfans aufeinandertreffen, dann bilden sie die Viererkette. Dieser Podcast besch\\u00e4ftigt sich also mit einer der sch\\u00f6nsten Nebensachen der Welt, dem runden Leder. In illustrer Runde besprechen wir die Spieltage der Fu\\u00dfballbundesliga. Wir schauen aber auch \\u00fcber den Tellerrand hinaus und k\\u00fcmmern uns neben dem DFB-Pokal auch um die Spiele in Champions und Europa League. Die Spiele unserer Nationalmannschaft haben wir nat\\u00fcrlich ebenso im Blick. Euch erwarten Meinungen, knallharte Analysen und kontrovers und leidenschaftlich gef\\u00fchrte Diskussionen. Wir w\\u00fcnschen gute Unterhaltung bei der Viererkette, eurem neuen Fu\\u00dfballpodcast. \\u00dcber Rezensionen und Bewertungen freuen wir uns \\u00fcbrigens genauso, wie \\u00fcber einen Besuch in den sozialen Netzwerken.\",\"poster\":\"https:\\\/\\\/podcast.kuubus.de\\\/viererkette\\\/wp-content\\\/cache\\\/podlove\\\/98\\\/419056c5ea06c7d876850fc7d8c61f\\\/viererkette_500x.jpg\",\"link\":\"https:\\\/\\\/podcast.kuubus.de\\\/viererkette\"},\"title\":\"Episode 60 \\u2013 Hasta la Vista S\\u00fcdamerika\",\"subtitle\":\"\",\"summary\":\"In der kleinen Jubil\\u00e4umsepisode, Nummer 60, besch\\u00e4ftigen sich J\\u00fcrgen, Mary, Dirki und Totti nat\\u00fcrlich ma\\u00dfgeblich mit den Spielen des WM-Viertelfinales und dem Ausscheiden der letzten s\\u00fcdamerikanischen Teams. Irgendwie kommen wir dann aber doch ins Schw\\u00e4rmen. Nicht zuletzt schuld daran sind die sympathischen Einspieler, mit denen J\\u00fcrgen und unser Techniker Steffen uns versorgt und erfreut haben. AM Ende redeten wir dann \\u00fcber Nationalhymnen und \\u00fcber die Tatsache, wie die einzelnen Nationen sich dazu verhalten. Und auch ein Versprechen wird gegeben: In der n\\u00e4chsten Episode der Viererkette singt Mary Teile der belgischen Nationalhymne live. Am Ende m\\u00fcssen wir uns nat\\u00fcrlich noch mit den Kommunikationsproblemen rund um den DFB besch\\u00e4ftigen, wir \\u00e4u\\u00dfern unsere Meinung zum Thema Mesut \\u00d6zil.\",\"publicationDate\":\"2018-07-10T10:28:17+02:00\",\"duration\":\"01:06:34.253\",\"poster\":\"https:\\\/\\\/podcast.kuubus.de\\\/viererkette\\\/podlove\\\/image\\\/68747470733a2f2f706f64636173742e6b75756275732e64652f7669657265726b657474652f77702d636f6e74656e742f75706c6f6164732f73697465732f342f323031362f31312f73656974656e7761686c2d77702d7069632e6a7067\\\/500\\\/0\\\/0\\\/episode-60-hasta-la-vista-suedamerika\",\"link\":\"https:\\\/\\\/podcast.kuubus.de\\\/viererkette\\\/episode-60-hasta-la-vista-suedamerika\\\/\",\"chapters\":[],\"audio\":[{\"url\":\"https:\\\/\\\/podcast.kuubus.de\\\/viererkette\\\/podlove\\\/file\\\/134\\\/s\\\/webplayer\\\/c\\\/website\\\/episode-60-hasta-la-vista-suedamerika.m4a\",\"size\":\"81621999\",\"title\":\"MPEG-4 AAC Audio (m4a)\",\"mimeType\":\"audio\\\/mp4\"}],\"files\":[{\"url\":\"https:\\\/\\\/podcast.kuubus.de\\\/viererkette\\\/podlove\\\/file\\\/134\\\/s\\\/webplayer\\\/episode-60-hasta-la-vista-suedamerika.m4a\",\"size\":\"81621999\",\"title\":\"MPEG-4 AAC Audio\",\"mimeType\":\"audio\\\/mp4\"}]}}, {\"url\":\"https:\\\/\\\/podcast.kuubus.de\\\/viererkette\\\/wp-json\\\/podlove-web-player\\\/shortcode\\\/config\\\/default\\\/theme\\\/default\",\"data\":{\"activeTab\":\"chapters\",\"subscribe-button\":null,\"share\":{\"channels\":[\"facebook\",\"twitter\",\"whats-app\",\"linkedin\",\"pinterest\",\"xing\",\"mail\",\"link\"],\"outlet\":\"https:\\\/\\\/podcast.kuubus.de\\\/viererkette\\\/wp-content\\\/plugins\\\/podlove-web-player\\\/web-player\\\/share.html\",\"sharePlaytime\":true},\"related-episodes\":{\"source\":\"disabled\",\"value\":null},\"version\":5,\"theme\":{\"tokens\":{\"brand\":\"#E64415\",\"brandDark\":\"#235973\",\"brandDarkest\":\"#1A3A4A\",\"brandLightest\":\"#E9F1F5\",\"shadeDark\":\"#807E7C\",\"shadeBase\":\"#807E7C\",\"contrast\":\"#000\",\"alt\":\"#fff\"},\"fonts\":{\"ci\":{\"name\":\"ci\",\"family\":[\"-apple-system\",\"BlinkMacSystemFont\",\"Segoe UI\",\"Roboto\",\"Helvetica\",\"Arial\",\"sans-serif\",\"Apple Color Emoji\",\"Segoe UI Emoji\\\", \\\"Segoe UI Symbol\"],\"src\":[],\"weight\":800},\"regular\":{\"name\":\"regular\",\"family\":[\"-apple-system\",\"BlinkMacSystemFont\",\"Segoe UI\",\"Roboto\",\"Helvetica\",\"Arial\",\"sans-serif\",\"Apple Color Emoji\",\"Segoe UI Emoji\\\", \\\"Segoe UI Symbol\"],\"src\":[],\"weight\":300},\"bold\":{\"name\":\"bold\",\"family\":[\"-apple-system\",\"BlinkMacSystemFont\",\"Segoe UI\",\"Roboto\",\"Helvetica\",\"Arial\",\"sans-serif\",\"Apple Color Emoji\",\"Segoe UI Emoji\\\", \\\"Segoe UI Symbol\"],\"src\":[],\"weight\":700}}},\"base\":\"https:\\\/\\\/podcast.kuubus.de\\\/viererkette\\\/wp-content\\\/plugins\\\/podlove-web-player\\\/web-player\\\/\"}}]);\n                podlovePlayer(player, \"https:\/\/podcast.kuubus.de\/viererkette\/wp-json\/podlove-web-player\/shortcode\/publisher\/321\", \"https:\/\/podcast.kuubus.de\/viererkette\/wp-json\/podlove-web-player\/shortcode\/config\/default\/theme\/default\").then(function() {\n                  player && player.classList.remove(\"podlove-web-player-loading\");\n                });\n              });\n            <\/script>\n            <style>\n              .podlove-web-player.podlove-web-player-loading {\n                opacity: 0;\n              }\n            <\/style>\n        \n\t\n\t\t<form action=\"#\"><div class=\"episode_downloads\"><input type=\"hidden\" name=\"ptm_source\" value=\"download\" \/><input type=\"hidden\" name=\"ptm_context\" value=\"select-button\" \/><select name=\"download_media_file\"><option value=\"134\" data-raw-url=\"https:\/\/podcast.kuubus.de\/viererkette\/podlove\/file\/134\/s\/download\/c\/select-show\/episode-60-hasta-la-vista-suedamerika.m4a\">MPEG-4 AAC Audio [78 MB]<\/option><\/select><button class=\"podlove-download-primary\">Download<\/button><button class=\"podlove-download-secondary\">Show URL<\/button><\/div><\/form><script>\nfunction podlove_document_ready(fn) {\n  if (document.readyState != 'loading'){\n    fn();\n  } else {\n    document.addEventListener('DOMContentLoaded', fn);\n  }\n}\n\npodlove_document_ready(function() {\n\tdocument.querySelectorAll(\".episode_downloads\").forEach(function(item) {\n        var selectEl = item.querySelector(\"select\");\n\n        item.querySelector(\"button.podlove-download-secondary\").addEventListener(\"click\", function(e) {\n\t\t\te.preventDefault();\n            var optionEl = selectEl.querySelector(\"option[value='\"+ selectEl.value +\"']\")\n            let url = optionEl.dataset.rawUrl;\n\t\t\tprompt(\"Feel free to copy and paste this URL\", url);\n\t\t\treturn false;\n\t\t})\n\t});\n});\n<\/script>\n<ul>\n<li>Analyse der Spiele im WM-Viertelfinale<\/li>\n<li>Meinungsaustausch \u00fcber Fanges\u00e4nge und Nationalhymnen<\/li>\n<li>Diskussion \u00fcber die Causa \u00d6zil<\/li>\n<\/ul>\n<p><!--more--><br \/>\nIn der kleinen Jubil\u00e4umsepisode, Nummer 60, besch\u00e4ftigen sich J\u00fcrgen, Mary, Dirki und Totti nat\u00fcrlich ma\u00dfgeblich mit den Spielen des WM-Viertelfinales und dem Ausscheiden der letzten s\u00fcdamerikanischen Teams. Irgendwie kommen wir dann aber doch ins Schw\u00e4rmen. Nicht zuletzt schuld daran sind die sympathischen Einspieler, mit denen J\u00fcrgen und unser Techniker Steffen uns versorgt und erfreut haben. AM Ende redeten wir dann \u00fcber Nationalhymnen und \u00fcber die Tatsache, wie die einzelnen Nationen sich dazu verhalten. Und auch ein Versprechen wird gegeben: In der n\u00e4chsten Episode der Viererkette singt Mary Teile der belgischen Nationalhymne live. Am Ende m\u00fcssen wir uns nat\u00fcrlich noch mit den Kommunikationsproblemen rund um den DFB besch\u00e4ftigen, wir \u00e4u\u00dfern unsere Meinung zum Thema Mesut \u00d6zil.<\/p>\n","protected":false},"author":8,"featured_media":15,"comment_status":"open","ping_status":"open","template":"","meta":{"jetpack_post_was_ever_published":false,"footnotes":"","jetpack_publicize_message":"","jetpack_publicize_feature_enabled":true,"jetpack_social_post_already_shared":true,"jetpack_social_options":{"image_generator_settings":{"template":"highway","enabled":false},"version":2}},"tags":[30,106,4,188,187,173,186,145],"class_list":["post-321","podcast","type-podcast","status-publish","has-post-thumbnail","hentry","tag-analyse","tag-dfb","tag-fussball","tag-mesut-oezil","tag-nationalhymnen","tag-russland","tag-viertelfinale","tag-wm-2018","post"],"jetpack_publicize_connections":[],"jetpack_sharing_enabled":true,"_links":{"self":[{"href":"https:\/\/podcast.kuubus.de\/viererkette\/wp-json\/wp\/v2\/episodes\/321","targetHints":{"allow":["GET"]}}],"collection":[{"href":"https:\/\/podcast.kuubus.de\/viererkette\/wp-json\/wp\/v2\/episodes"}],"about":[{"href":"https:\/\/podcast.kuubus.de\/viererkette\/wp-json\/wp\/v2\/types\/podcast"}],"author":[{"embeddable":true,"href":"https:\/\/podcast.kuubus.de\/viererkette\/wp-json\/wp\/v2\/users\/8"}],"replies":[{"embeddable":true,"href":"https:\/\/podcast.kuubus.de\/viererkette\/wp-json\/wp\/v2\/comments?post=321"}],"version-history":[{"count":1,"href":"https:\/\/podcast.kuubus.de\/viererkette\/wp-json\/wp\/v2\/episodes\/321\/revisions"}],"predecessor-version":[{"id":322,"href":"https:\/\/podcast.kuubus.de\/viererkette\/wp-json\/wp\/v2\/episodes\/321\/revisions\/322"}],"wp:featuredmedia":[{"embeddable":true,"href":"https:\/\/podcast.kuubus.de\/viererkette\/wp-json\/wp\/v2\/media\/15"}],"wp:attachment":[{"href":"https:\/\/podcast.kuubus.de\/viererkette\/wp-json\/wp\/v2\/media?parent=321"}],"wp:term":[{"taxonomy":"post_tag","embeddable":true,"href":"https:\/\/podcast.kuubus.de\/viererkette\/wp-json\/wp\/v2\/tags?post=321"}],"curies":[{"name":"wp","href":"https:\/\/api.w.org\/{rel}","templated":true}]}}