{"id":297,"date":"2018-05-08T10:48:13","date_gmt":"2018-05-08T08:48:13","guid":{"rendered":"podlove-2018-05-08t08:34:58+00:00-6879fbf412b6418"},"modified":"2018-05-08T10:48:13","modified_gmt":"2018-05-08T08:48:13","slug":"episode-53-die-ersten-wuerfel-sind-gefallen","status":"publish","type":"podcast","link":"https:\/\/podcast.kuubus.de\/viererkette\/episode-53-die-ersten-wuerfel-sind-gefallen\/","title":{"rendered":"Episode 53 \u2013 Die ersten W\u00fcrfel sind gefallen"},"content":{"rendered":"\n\t\t\n            <div class=\"podlove-web-player intrinsic-ignore podlove-web-player-loading\" id=\"player-69f2af2a896dc\"><root data-test=\"player--xl\" style=\"max-width:950px;min-width:260px;\">\n  <div class=\"tablet:px-6 tablet:pt-6 mobile:px-4 mobile:pt-4 flex flex-col\">\n    <div class=\"flex-col items-center mobile:flex tablet:hidden\">\n      <show-title class=\"text-sm\"><\/show-title>\n      <episode-title class=\"text-base mb-2\"><\/episode-title>\n      <subscribe-button class=\"mb-4 mobile:flex tablet:hidden\"><\/subscribe-button>\n      <poster class=\"rounded-sm w-48 shadow overflow-hidden\"><\/poster>\n      <divider class=\"w-full my-6\"><\/divider>\n    <\/div>\n\n    <div class=\"tablet:flex flex-grow\">\n      <div class=\"w-64 mobile:hidden tablet:block tablet:mr-6\">\n        <poster class=\"rounded-sm shadow overflow-hidden\"><\/poster>\n      <\/div>\n      <div class=\"w-full\">\n        <div class=\"hidden tablet:block\">\n          <show-title class=\"text-base\"><\/show-title>\n          <episode-title class=\"text-xl desktop:text-2xl\"><\/episode-title>\n          <divider class=\"w-full my-4\"><\/divider>\n        <\/div>\n        <div class=\"flex items-center justify-between\">\n          <div class=\"block\">\n            <play-state on=\"active\">\n              <speed-control class=\"flex items-center\"><\/speed-control>\n            <\/play-state>\n          <\/div>\n\n          <div class=\"flex\">\n            <play-state on=\"active\">\n              <chapter-previous class=\"mx-2 block\"><\/chapter-previous>\n            <\/play-state>\n            <play-state on=\"active\">\n              <step-backward class=\"mx-2 block\"><\/step-backward>\n            <\/play-state>\n\n            <play-button class=\"mx-2 block\" :label=\"$t('PLAYER.PLAY_EPISODE')\"><\/play-button>\n\n            <play-state on=\"active\">\n              <step-forward class=\"mx-2 block\"><\/step-forward>\n            <\/play-state>\n            <play-state on=\"active\">\n              <chapter-next class=\"mx-2 block\"><\/chapter-next>\n            <\/play-state>\n          <\/div>\n\n          <div class=\"block\">\n            <play-state on=\"active\">\n              <volume-control class=\"flex items-center\"><\/volume-control>\n            <\/play-state>\n          <\/div>\n        <\/div>\n        <div class=\"flex w-full\">\n          <progress-bar><\/progress-bar>\n        <\/div>\n        <div class=\"flex w-full -mt-2\">\n          <div class=\"w-3\/12 text-left\">\n            <timer-current class=\"text-sm\"><\/timer-current>\n          <\/div>\n          <div class=\"w-6\/12 text-center truncate\">\n            <play-state on=\"active\">\n              <current-chapter class=\"text-sm\"><\/current-chapter>\n            <\/play-state>\n          <\/div>\n          <div class=\"w-3\/12 text-right\">\n            <timer-duration class=\"text-sm\"><\/timer-duration>\n          <\/div>\n        <\/div>\n      <\/div>\n    <\/div>\n    <divider class=\"w-full mt-6 mb-3\"><\/divider>\n    <div class=\"flex justify-between\">\n      <div class=\"flex mobile:w-full tablet:w-3\/12 desktop:w-3\/12 justify-between\">\n        <tab-trigger tab=\"chapters\">\n          <icon type=\"chapter\"><\/icon>\n        <\/tab-trigger>\n        <tab-trigger tab=\"transcripts\">\n          <icon type=\"transcripts\"><\/icon>\n        <\/tab-trigger>\n        <tab-trigger tab=\"files\">\n          <icon type=\"download\"><\/icon>\n        <\/tab-trigger>\n        <tab-trigger tab=\"playlist\">\n          <icon type=\"playlist\"><\/icon>\n        <\/tab-trigger>\n        <tab-trigger tab=\"share\">\n          <icon type=\"share\"><\/icon>\n        <\/tab-trigger>\n      <\/div>\n      <subscribe-button class=\"mt-1 mobile:hidden tablet:flex\"><\/subscribe-button>\n    <\/div>\n  <\/div>\n  <div class=\"w-full relative overflow-hidden\">\n    <tab name=\"chapters\">\n      <tab-chapters><\/tab-chapters>\n    <\/tab>\n    <tab name=\"transcripts\">\n      <tab-transcripts><\/tab-transcripts>\n    <\/tab>\n    <tab name=\"files\">\n      <tab-files><\/tab-files>\n    <\/tab>\n    <tab name=\"playlist\">\n      <tab-playlist><\/tab-playlist>\n    <\/tab>\n    <tab name=\"share\">\n      <tab-share><\/tab-share>\n    <\/tab>\n    <tab-overflow><\/tab-overflow>\n  <\/div>\n  <error><\/error>\n<\/root>\n<\/div>\n            <script>\n              document.addEventListener(\"DOMContentLoaded\", function() {\n                var player = document.getElementById(\"player-69f2af2a896dc\");\n                podlovePlayerCache.add([{\"url\":\"https:\\\/\\\/podcast.kuubus.de\\\/viererkette\\\/wp-json\\\/podlove-web-player\\\/shortcode\\\/publisher\\\/297\",\"data\":{\"version\":5,\"show\":{\"title\":\"Viererkette\",\"subtitle\":\"Der Fu\\u00dfball-Podcast, der auch mal in die Offensive geht\",\"summary\":\"Wenn vier begeisterte Fu\\u00dfballfans aufeinandertreffen, dann bilden sie die Viererkette. Dieser Podcast besch\\u00e4ftigt sich also mit einer der sch\\u00f6nsten Nebensachen der Welt, dem runden Leder. In illustrer Runde besprechen wir die Spieltage der Fu\\u00dfballbundesliga. Wir schauen aber auch \\u00fcber den Tellerrand hinaus und k\\u00fcmmern uns neben dem DFB-Pokal auch um die Spiele in Champions und Europa League. Die Spiele unserer Nationalmannschaft haben wir nat\\u00fcrlich ebenso im Blick. Euch erwarten Meinungen, knallharte Analysen und kontrovers und leidenschaftlich gef\\u00fchrte Diskussionen. Wir w\\u00fcnschen gute Unterhaltung bei der Viererkette, eurem neuen Fu\\u00dfballpodcast. \\u00dcber Rezensionen und Bewertungen freuen wir uns \\u00fcbrigens genauso, wie \\u00fcber einen Besuch in den sozialen Netzwerken.\",\"poster\":\"https:\\\/\\\/podcast.kuubus.de\\\/viererkette\\\/wp-content\\\/cache\\\/podlove\\\/98\\\/419056c5ea06c7d876850fc7d8c61f\\\/viererkette_500x.jpg\",\"link\":\"https:\\\/\\\/podcast.kuubus.de\\\/viererkette\"},\"title\":\"Episode 53 \\u2013 Die ersten W\\u00fcrfel sind gefallen\",\"subtitle\":\"\",\"summary\":\"In der 53. Episode begr\\u00fc\\u00dfen euch Mary, Totti, J\\u00fcrgen, Dirki, Ronny und Fabi zu verschiedenen Themen. Am Anfang reden wir kurz \\u00fcber das Ausscheiden der Bayern in der Champions League gegen Real Madrid. Aber nat\\u00fcrlich schauen wir auch auf die anderen Halbfinalentscheidungen in den europ\\u00e4ischen Wettbewerben. Danach k\\u00fcmmern wir uns mit viel Zeit und Herz um das Geschehen in der Bundesliga, genauer gesagt um den 33. Spieltag. So arbeiten wir unter anderem heraus, welche Entscheidungen bereits gefallen sind. Wir wollen zwar versuchen eine Prognose f\\u00fcr die letzten Entscheidungen abzugeben, so richtig k\\u00f6nnen wir uns aber nicht dazu durchringen. Am Schluss gucken wir noch in die Zukunft, n\\u00e4mlich auf die n\\u00e4chste Saison, wenn die Teams aus der 2. Liga dazu kommen. Die 2. Liga, die wohl im Moment die spannendste Spielklasse in Deutschland ist, wird von uns kurz \\u00fcberflogen und vor allem gelobt.\",\"publicationDate\":\"2018-05-08T10:48:13+02:00\",\"duration\":\"01:23:53.957\",\"poster\":\"https:\\\/\\\/podcast.kuubus.de\\\/viererkette\\\/wp-content\\\/cache\\\/podlove\\\/cc\\\/0e7e9e1703a655e9aba7ff7292c4f9\\\/episode-53-die-ersten-wuerfel-sind-gefallen_500x.jpg\",\"link\":\"https:\\\/\\\/podcast.kuubus.de\\\/viererkette\\\/episode-53-die-ersten-wuerfel-sind-gefallen\\\/\",\"chapters\":[],\"audio\":[{\"url\":\"https:\\\/\\\/podcast.kuubus.de\\\/viererkette\\\/podlove\\\/file\\\/120\\\/s\\\/webplayer\\\/c\\\/website\\\/episode-53-die-ersten-wuerfel-sind-gefallen.m4a\",\"size\":\"102833233\",\"title\":\"MPEG-4 AAC Audio (m4a)\",\"mimeType\":\"audio\\\/mp4\"}],\"files\":[{\"url\":\"https:\\\/\\\/podcast.kuubus.de\\\/viererkette\\\/podlove\\\/file\\\/120\\\/s\\\/webplayer\\\/episode-53-die-ersten-wuerfel-sind-gefallen.m4a\",\"size\":\"102833233\",\"title\":\"MPEG-4 AAC Audio\",\"mimeType\":\"audio\\\/mp4\"}]}}, {\"url\":\"https:\\\/\\\/podcast.kuubus.de\\\/viererkette\\\/wp-json\\\/podlove-web-player\\\/shortcode\\\/config\\\/default\\\/theme\\\/default\",\"data\":{\"activeTab\":\"chapters\",\"subscribe-button\":null,\"share\":{\"channels\":[\"facebook\",\"twitter\",\"whats-app\",\"linkedin\",\"pinterest\",\"xing\",\"mail\",\"link\"],\"outlet\":\"https:\\\/\\\/podcast.kuubus.de\\\/viererkette\\\/wp-content\\\/plugins\\\/podlove-web-player\\\/web-player\\\/share.html\",\"sharePlaytime\":true},\"related-episodes\":{\"source\":\"disabled\",\"value\":null},\"version\":5,\"theme\":{\"tokens\":{\"brand\":\"#E64415\",\"brandDark\":\"#235973\",\"brandDarkest\":\"#1A3A4A\",\"brandLightest\":\"#E9F1F5\",\"shadeDark\":\"#807E7C\",\"shadeBase\":\"#807E7C\",\"contrast\":\"#000\",\"alt\":\"#fff\"},\"fonts\":{\"ci\":{\"name\":\"ci\",\"family\":[\"-apple-system\",\"BlinkMacSystemFont\",\"Segoe UI\",\"Roboto\",\"Helvetica\",\"Arial\",\"sans-serif\",\"Apple Color Emoji\",\"Segoe UI Emoji\\\", \\\"Segoe UI Symbol\"],\"src\":[],\"weight\":800},\"regular\":{\"name\":\"regular\",\"family\":[\"-apple-system\",\"BlinkMacSystemFont\",\"Segoe UI\",\"Roboto\",\"Helvetica\",\"Arial\",\"sans-serif\",\"Apple Color Emoji\",\"Segoe UI Emoji\\\", \\\"Segoe UI Symbol\"],\"src\":[],\"weight\":300},\"bold\":{\"name\":\"bold\",\"family\":[\"-apple-system\",\"BlinkMacSystemFont\",\"Segoe UI\",\"Roboto\",\"Helvetica\",\"Arial\",\"sans-serif\",\"Apple Color Emoji\",\"Segoe UI Emoji\\\", \\\"Segoe UI Symbol\"],\"src\":[],\"weight\":700}}},\"base\":\"https:\\\/\\\/podcast.kuubus.de\\\/viererkette\\\/wp-content\\\/plugins\\\/podlove-web-player\\\/web-player\\\/\"}}]);\n                podlovePlayer(player, \"https:\/\/podcast.kuubus.de\/viererkette\/wp-json\/podlove-web-player\/shortcode\/publisher\/297\", \"https:\/\/podcast.kuubus.de\/viererkette\/wp-json\/podlove-web-player\/shortcode\/config\/default\/theme\/default\").then(function() {\n                  player && player.classList.remove(\"podlove-web-player-loading\");\n                });\n              });\n            <\/script>\n            <style>\n              .podlove-web-player.podlove-web-player-loading {\n                opacity: 0;\n              }\n            <\/style>\n        \n\t\n\t\t<form action=\"#\"><div class=\"episode_downloads\"><input type=\"hidden\" name=\"ptm_source\" value=\"download\" \/><input type=\"hidden\" name=\"ptm_context\" value=\"select-button\" \/><select name=\"download_media_file\"><option value=\"120\" data-raw-url=\"https:\/\/podcast.kuubus.de\/viererkette\/podlove\/file\/120\/s\/download\/c\/select-show\/episode-53-die-ersten-wuerfel-sind-gefallen.m4a\">MPEG-4 AAC Audio [98 MB]<\/option><\/select><button class=\"podlove-download-primary\">Download<\/button><button class=\"podlove-download-secondary\">Show URL<\/button><\/div><\/form><script>\nfunction podlove_document_ready(fn) {\n  if (document.readyState != 'loading'){\n    fn();\n  } else {\n    document.addEventListener('DOMContentLoaded', fn);\n  }\n}\n\npodlove_document_ready(function() {\n\tdocument.querySelectorAll(\".episode_downloads\").forEach(function(item) {\n        var selectEl = item.querySelector(\"select\");\n\n        item.querySelector(\"button.podlove-download-secondary\").addEventListener(\"click\", function(e) {\n\t\t\te.preventDefault();\n            var optionEl = selectEl.querySelector(\"option[value='\"+ selectEl.value +\"']\")\n            let url = optionEl.dataset.rawUrl;\n\t\t\tprompt(\"Feel free to copy and paste this URL\", url);\n\t\t\treturn false;\n\t\t})\n\t});\n});\n<\/script>\n<ul>\n<li>R\u00fcckblick auf die Halbfinalspiele in Champions- und Europa League<\/li>\n<li>Analyse des 33. Bundesligaspieltags<\/li>\n<li>Unsere Gedanken zu den Chancen der Mannschaften in Sachen Abstieg und europ\u00e4ische Pl\u00e4tze<\/li>\n<li>Umschweif in die spannende 2. Liga<\/li>\n<\/ul>\n<p><!--more--><br \/>\nIn der 53. Episode begr\u00fc\u00dfen euch Mary, Totti, J\u00fcrgen, Dirki, Ronny und Fabi zu verschiedenen Themen. Am Anfang reden wir kurz \u00fcber das Ausscheiden der Bayern in der Champions League gegen Real Madrid. Aber nat\u00fcrlich schauen wir auch auf die anderen Halbfinalentscheidungen in den europ\u00e4ischen Wettbewerben. Danach k\u00fcmmern wir uns mit viel Zeit und Herz um das Geschehen in der Bundesliga, genauer gesagt um den 33. Spieltag. So arbeiten wir unter anderem heraus, welche Entscheidungen bereits gefallen sind. Wir wollen zwar versuchen eine Prognose f\u00fcr die letzten Entscheidungen abzugeben, so richtig k\u00f6nnen wir uns aber nicht dazu durchringen. Am Schluss gucken wir noch in die Zukunft, n\u00e4mlich auf die n\u00e4chste Saison, wenn die Teams aus der 2. Liga dazu kommen. Die 2. Liga, die wohl im Moment die spannendste Spielklasse in Deutschland ist, wird von uns kurz \u00fcberflogen und vor allem gelobt.<\/p>\n","protected":false},"author":8,"featured_media":15,"comment_status":"open","ping_status":"open","template":"","meta":{"jetpack_post_was_ever_published":false,"footnotes":"","jetpack_publicize_message":"","jetpack_publicize_feature_enabled":true,"jetpack_social_post_already_shared":true,"jetpack_social_options":{"image_generator_settings":{"template":"highway","enabled":false},"version":2}},"tags":[53,100,93,30,15,16,4,77,167],"class_list":["post-297","podcast","type-podcast","status-publish","has-post-thumbnail","hentry","tag-1-bundesliga","tag-2-liga","tag-33-spieltag","tag-analyse","tag-champions-league","tag-europa-league","tag-fussball","tag-halbfinale","tag-spannung","post"],"jetpack_publicize_connections":[],"jetpack_sharing_enabled":true,"_links":{"self":[{"href":"https:\/\/podcast.kuubus.de\/viererkette\/wp-json\/wp\/v2\/episodes\/297","targetHints":{"allow":["GET"]}}],"collection":[{"href":"https:\/\/podcast.kuubus.de\/viererkette\/wp-json\/wp\/v2\/episodes"}],"about":[{"href":"https:\/\/podcast.kuubus.de\/viererkette\/wp-json\/wp\/v2\/types\/podcast"}],"author":[{"embeddable":true,"href":"https:\/\/podcast.kuubus.de\/viererkette\/wp-json\/wp\/v2\/users\/8"}],"replies":[{"embeddable":true,"href":"https:\/\/podcast.kuubus.de\/viererkette\/wp-json\/wp\/v2\/comments?post=297"}],"version-history":[{"count":1,"href":"https:\/\/podcast.kuubus.de\/viererkette\/wp-json\/wp\/v2\/episodes\/297\/revisions"}],"predecessor-version":[{"id":298,"href":"https:\/\/podcast.kuubus.de\/viererkette\/wp-json\/wp\/v2\/episodes\/297\/revisions\/298"}],"wp:featuredmedia":[{"embeddable":true,"href":"https:\/\/podcast.kuubus.de\/viererkette\/wp-json\/wp\/v2\/media\/15"}],"wp:attachment":[{"href":"https:\/\/podcast.kuubus.de\/viererkette\/wp-json\/wp\/v2\/media?parent=297"}],"wp:term":[{"taxonomy":"post_tag","embeddable":true,"href":"https:\/\/podcast.kuubus.de\/viererkette\/wp-json\/wp\/v2\/tags?post=297"}],"curies":[{"name":"wp","href":"https:\/\/api.w.org\/{rel}","templated":true}]}}