{"id":47,"date":"2016-11-27T17:10:52","date_gmt":"2016-11-27T16:10:52","guid":{"rendered":"http:\/\/podcast.kuubus.de\/tuer-und-angel\/?page_id=47"},"modified":"2017-06-23T11:56:31","modified_gmt":"2017-06-23T09:56:31","slug":"der-fussballpodcast-der-auch-mal-in-die-offensive-geht","status":"publish","type":"page","link":"https:\/\/podcast.kuubus.de\/tuer-und-angel\/","title":{"rendered":"T\u00dcR UND ANGEL Podcast"},"content":{"rendered":"<h2>\u00dcber diesen Podcast<\/h2>\n<p>Der T\u00dcR UND ANGEL Podcast ist ein einfaches und schlichtes\u00a0Podcast-Format mit Infos und meinen Gedanken zu verschiedenen zeitlosen und aktuellen Themen. Ungeschnitten ohne viel Produktionsaufwand rede ich frei von der Leber \u00fcber alles was mich bewegt und informiere euch \u00fcber Themen und Gedanken, die mich so besch\u00e4ftigen. Das soll jedoch nicht hei\u00dfen, dass euch eine Ton-Qualit\u00e4t wie aus der Grotte erwartet.\u00a0Ton-Qualit\u00e4t ist mir sehr wichtig. Weniger wichtig sind mir jedoch hierbei der Schnitt und das drumherum wie Kapitelmarken. Aber ein Sabbel-Podcast wird das hier auch nicht. Es erwarten euch viele interessante Themen, die mich bewegen und euch ja vielleicht auch. Auch den\u00a0Einstieg in Themen, die vielleicht noch nicht euer Interesse erweckt haben, m\u00f6chte ich euch n\u00e4herbringen.<\/p>\n<h2>Mitmachen<\/h2>\n<p>Auch Du als H\u00f6rer kannst mitmachen und selbst eine Episode aufnehmen, die ich dann eventuell so zwischen T\u00fcr und Angel auf diesem Kanal ver\u00f6ffentlichen werde.<\/p>\n<h3>Zur Nummerierung der Episoden<\/h3>\n<p>Die Podcasts sind chronologisch durchnummeriert. Der Pr\u00e4fix besteht aus 3 Buchstaben und 3 Ziffern. Die 3 Buchstaben geben das Themengebiet an und die 3 Ziffern die Episoden-Nummer.\u00a0<a href=\"http:\/\/podcast.kuubus.de\/tuer-und-angel\/themen\/\">Mehr zu den Themen<\/a>.<\/p>\n<h3>Abonnieren<\/h3>\n<ul>\n<li><a href=\"https:\/\/itunes.apple.com\/de\/podcast\/t\u00fcr-und-angel-podcast\/id1215358023?mt=2\">\u00dcber iTunes abonnieren<\/a><\/li>\n<li>\u00dcber TuneIn abonnieren (noch nicht verf\u00fcgbar)<\/li>\n<\/ul>\n<table style=\"background: transparent!important;\">\n\t<thead>\n    \t<tr>\n            <th>Feed<\/th>\n        \t<th>Format<\/th>\n        <\/tr>\n    <\/thead>\n    <tbody>\n    \t\t\t\t    <tr>\n            \t<td>\n                    <a href=\"https:\/\/podcast.kuubus.de\/tuer-und-angel\/feed\/podcast-mp4\/\">Podcast Feed: T\u00dcR UND ANGEL Podcast (Podcast zwischen T\u00dcR UND ANGEL)<\/a>\n                <\/td>\n                <td>\n                    <span title=\"audio\/mp4 (m4a)\">\n                        MPEG-4 AAC Audio\n                    <\/span>\n                <\/td>\n            <\/tr>\n    \t\t\t\t\t\t    <tr>\n            \t<td>\n                    <a href=\"https:\/\/podcast.kuubus.de\/tuer-und-angel\/feed\/podcast-mp3\/\">Podcast Feed: T\u00dcR UND ANGEL Podcast (Podcast zwischen T\u00dcR UND ANGEL)<\/a>\n                <\/td>\n                <td>\n                    <span title=\"audio\/mpeg (mp3)\">\n                        MP3 Audio\n                    <\/span>\n                <\/td>\n            <\/tr>\n    \t\t\t\t\t\t    <tr>\n            \t<td>\n                    <a href=\"https:\/\/podcast.kuubus.de\/tuer-und-angel\/feed\/podcast-dev\/\">Podcast Feed: T\u00dcR UND ANGEL Podcast (Themenkanal: Developement)<\/a>\n                <\/td>\n                <td>\n                    <span title=\"audio\/mpeg (mp3)\">\n                        Thema: DEV\n                    <\/span>\n                <\/td>\n            <\/tr>\n    \t\t\t\t\t\t    <tr>\n            \t<td>\n                    <a href=\"https:\/\/podcast.kuubus.de\/tuer-und-angel\/feed\/podcast-gep\/\">Podcast Feed: T\u00dcR UND ANGEL Podcast (Themenkanal: Gesundheit, Ern\u00e4hrung und Pflanzen)<\/a>\n                <\/td>\n                <td>\n                    <span title=\"audio\/mpeg (mp3)\">\n                        Thema: GEP\n                    <\/span>\n                <\/td>\n            <\/tr>\n    \t\t\t\t\t\t    <tr>\n            \t<td>\n                    <a href=\"https:\/\/podcast.kuubus.de\/tuer-und-angel\/feed\/podcast-bab\/\">Podcast Feed: T\u00dcR UND ANGEL Podcast (Themenkanal: Behinderung, Accessibility und Barrierefreiheit)<\/a>\n                <\/td>\n                <td>\n                    <span title=\"audio\/mpeg (mp3)\">\n                        Thema: BAB\n                    <\/span>\n                <\/td>\n            <\/tr>\n    \t\t\t\t\t\t    <tr>\n            \t<td>\n                    <a href=\"https:\/\/podcast.kuubus.de\/tuer-und-angel\/feed\/podcast-kuu\/\">Podcast Feed: T\u00dcR UND ANGEL Podcast (Themenkanal: News, Infos und Hilfe rund um KuUBuS)<\/a>\n                <\/td>\n                <td>\n                    <span title=\"audio\/mpeg (mp3)\">\n                        Thema: KUU\n                    <\/span>\n                <\/td>\n            <\/tr>\n    \t\t\t\t\t\t    <tr>\n            \t<td>\n                    <a href=\"https:\/\/podcast.kuubus.de\/tuer-und-angel\/feed\/podcast-ent\/\">Podcast Feed: T\u00dcR UND ANGEL Podcast (Themenkanal: Entertainment)<\/a>\n                <\/td>\n                <td>\n                    <span title=\"audio\/mpeg (mp3)\">\n                        Thema: ENT\n                    <\/span>\n                <\/td>\n            <\/tr>\n    \t\t\t\t\t\t    <tr>\n            \t<td>\n                    <a href=\"https:\/\/podcast.kuubus.de\/tuer-und-angel\/feed\/podcast-tec\/\">Podcast Feed: T\u00dcR UND ANGEL Podcast (Themenkanal: Technik)<\/a>\n                <\/td>\n                <td>\n                    <span title=\"audio\/mpeg (mp3)\">\n                        Thema: TEC\n                    <\/span>\n                <\/td>\n            <\/tr>\n    \t\t\t\t\t\t    <tr>\n            \t<td>\n                    <a href=\"https:\/\/podcast.kuubus.de\/tuer-und-angel\/feed\/podcast-app\/\">Podcast Feed: T\u00dcR UND ANGEL Podcast (Themenkanal: Apps und Programme)<\/a>\n                <\/td>\n                <td>\n                    <span title=\"audio\/mpeg (mp3)\">\n                        Thema: APP\n                    <\/span>\n                <\/td>\n            <\/tr>\n    \t\t\t\t\t\t    <tr>\n            \t<td>\n                    <a href=\"https:\/\/podcast.kuubus.de\/tuer-und-angel\/feed\/podcast-ins\/\">Podcast Feed: T\u00dcR UND ANGEL Podcast (Themenkanal: iOS)<\/a>\n                <\/td>\n                <td>\n                    <span title=\"audio\/mpeg (mp3)\">\n                        Thema: iOS\n                    <\/span>\n                <\/td>\n            <\/tr>\n    \t\t    <\/tbody>\n<\/table>\n<h3>Soziale Medien<\/h3>\n<ul class=\"podcast_services\">\n<\/ul>\n\n<style>\n.podcast_services li {\n\tlist-style: none;\n}\n<\/style>\n<h3>Episoden<\/h3>\n<table style=\"background: transparent!important;\">\n    <thead>\n        <th><\/th>\n        <th>Datum<\/th>\n        <th>Episode<\/th>\n        <th>Dauer<\/th>\n    <\/thead>\n    <tbody>\n            <tr class=\"podcast_archive_element\">\n            <td class=\"thumbnail\">\n                \n<img loading=\"lazy\" decoding=\"async\" width=\"64\" height=\"64\" src=\"https:\/\/podcast.kuubus.de\/tuer-und-angel\/wp-content\/cache\/podlove\/76\/134188f3beffb7f91da1134a30063b\/podcast-app-unter-ios-11-hoergenuss-in-einer-tour_64x64.jpg\" srcset=\"https:\/\/podcast.kuubus.de\/tuer-und-angel\/wp-content\/cache\/podlove\/76\/134188f3beffb7f91da1134a30063b\/podcast-app-unter-ios-11-hoergenuss-in-einer-tour_64x64.jpg 1x, https:\/\/podcast.kuubus.de\/tuer-und-angel\/wp-content\/cache\/podlove\/76\/134188f3beffb7f91da1134a30063b\/podcast-app-unter-ios-11-hoergenuss-in-einer-tour_128x.jpg 2x, https:\/\/podcast.kuubus.de\/tuer-und-angel\/wp-content\/cache\/podlove\/76\/134188f3beffb7f91da1134a30063b\/podcast-app-unter-ios-11-hoergenuss-in-einer-tour_192x.jpg 3x\"\/>\n\n            <\/td>\n            <td class=\"date\">\n                <span class=\"release_date\">\n                    13. Oktober 2017 8:26\n                <\/span>\n            <\/td>\n            <td class=\"title\">\n                <a href=\"https:\/\/podcast.kuubus.de\/tuer-und-angel\/app014-podcast-app-unter-ios-11-hoergenuss-in-einer-tour\/\">\n                    <strong>Podcast App unter iOS 11 - Hoergenuss in einer Tour<\/strong><br>\n                    Infos und Gedanken zwischen T\u00dcR UND ANGEL\n                <\/a>\n            <\/td>\n            <td class=\"duration\">\n                                0:09:12\n            <\/td>\n        <\/tr>\n            <tr class=\"podcast_archive_element\">\n            <td class=\"thumbnail\">\n                \n<img loading=\"lazy\" decoding=\"async\" width=\"64\" height=\"64\" src=\"https:\/\/podcast.kuubus.de\/tuer-und-angel\/wp-content\/cache\/podlove\/a2\/f1b63a47094b999fe0a9d665b5f18e\/whatsapp-gruppen-auf-kuubus-connect_64x64.jpg\" srcset=\"https:\/\/podcast.kuubus.de\/tuer-und-angel\/wp-content\/cache\/podlove\/a2\/f1b63a47094b999fe0a9d665b5f18e\/whatsapp-gruppen-auf-kuubus-connect_64x64.jpg 1x, https:\/\/podcast.kuubus.de\/tuer-und-angel\/wp-content\/cache\/podlove\/a2\/f1b63a47094b999fe0a9d665b5f18e\/whatsapp-gruppen-auf-kuubus-connect_128x.jpg 2x, https:\/\/podcast.kuubus.de\/tuer-und-angel\/wp-content\/cache\/podlove\/a2\/f1b63a47094b999fe0a9d665b5f18e\/whatsapp-gruppen-auf-kuubus-connect_192x.jpg 3x\"\/>\n\n            <\/td>\n            <td class=\"date\">\n                <span class=\"release_date\">\n                    23. Juni 2017 9:54\n                <\/span>\n            <\/td>\n            <td class=\"title\">\n                <a href=\"https:\/\/podcast.kuubus.de\/tuer-und-angel\/kuu012-whatsapp-gruppen-auf-kuubus-connect\/\">\n                    <strong>WhatsApp Gruppen auf KuUBuS Connect<\/strong><br>\n                    Infos und Gedanken zwischen T\u00dcR UND ANGEL\n                <\/a>\n            <\/td>\n            <td class=\"duration\">\n                                0:11:05\n            <\/td>\n        <\/tr>\n            <tr class=\"podcast_archive_element\">\n            <td class=\"thumbnail\">\n                \n<img loading=\"lazy\" decoding=\"async\" width=\"64\" height=\"64\" src=\"https:\/\/podcast.kuubus.de\/tuer-und-angel\/wp-content\/cache\/podlove\/48\/0307ee675b2245a2dfaa13b9c20347\/wo-gibts-audiodeskription_64x64.jpg\" srcset=\"https:\/\/podcast.kuubus.de\/tuer-und-angel\/wp-content\/cache\/podlove\/48\/0307ee675b2245a2dfaa13b9c20347\/wo-gibts-audiodeskription_64x64.jpg 1x, https:\/\/podcast.kuubus.de\/tuer-und-angel\/wp-content\/cache\/podlove\/48\/0307ee675b2245a2dfaa13b9c20347\/wo-gibts-audiodeskription_128x.jpg 2x, https:\/\/podcast.kuubus.de\/tuer-und-angel\/wp-content\/cache\/podlove\/48\/0307ee675b2245a2dfaa13b9c20347\/wo-gibts-audiodeskription_192x.jpg 3x\"\/>\n\n            <\/td>\n            <td class=\"date\">\n                <span class=\"release_date\">\n                    20. Juni 2017 15:03\n                <\/span>\n            <\/td>\n            <td class=\"title\">\n                <a href=\"https:\/\/podcast.kuubus.de\/tuer-und-angel\/bab11-wo-gibts-audiodeskription\/\">\n                    <strong>Wo gibts Audiodeskription?<\/strong><br>\n                    Infos und Gedanken zwischen T\u00dcR UND ANGEL\n                <\/a>\n            <\/td>\n            <td class=\"duration\">\n                                0:06:41\n            <\/td>\n        <\/tr>\n            <tr class=\"podcast_archive_element\">\n            <td class=\"thumbnail\">\n                \n<img loading=\"lazy\" decoding=\"async\" width=\"64\" height=\"64\" src=\"https:\/\/podcast.kuubus.de\/tuer-und-angel\/wp-content\/cache\/podlove\/e9\/7a6e57b72b47fae0e70d9b98d2018d\/aufbau-der-kuubus-webseite_64x64.jpg\" srcset=\"https:\/\/podcast.kuubus.de\/tuer-und-angel\/wp-content\/cache\/podlove\/e9\/7a6e57b72b47fae0e70d9b98d2018d\/aufbau-der-kuubus-webseite_64x64.jpg 1x, https:\/\/podcast.kuubus.de\/tuer-und-angel\/wp-content\/cache\/podlove\/e9\/7a6e57b72b47fae0e70d9b98d2018d\/aufbau-der-kuubus-webseite_128x.jpg 2x, https:\/\/podcast.kuubus.de\/tuer-und-angel\/wp-content\/cache\/podlove\/e9\/7a6e57b72b47fae0e70d9b98d2018d\/aufbau-der-kuubus-webseite_192x.jpg 3x\"\/>\n\n            <\/td>\n            <td class=\"date\">\n                <span class=\"release_date\">\n                    27. M\u00e4rz 2017 12:48\n                <\/span>\n            <\/td>\n            <td class=\"title\">\n                <a href=\"https:\/\/podcast.kuubus.de\/tuer-und-angel\/kuu010-aufbau-der-kuubus-webseite\/\">\n                    <strong>Aufbau der KuUBuS Webseite<\/strong><br>\n                    Ein \u00dcberblick \u00fcber meine Webseite KuUBuS\n                <\/a>\n            <\/td>\n            <td class=\"duration\">\n                                0:14:07\n            <\/td>\n        <\/tr>\n            <tr class=\"podcast_archive_element\">\n            <td class=\"thumbnail\">\n                \n<img loading=\"lazy\" decoding=\"async\" width=\"64\" height=\"64\" src=\"https:\/\/podcast.kuubus.de\/tuer-und-angel\/wp-content\/cache\/podlove\/9f\/a6ef75a3278f653fb42476b6d44f70\/themenkanaele-des-tuer-und-angel-podcasts_64x64.jpg\" srcset=\"https:\/\/podcast.kuubus.de\/tuer-und-angel\/wp-content\/cache\/podlove\/9f\/a6ef75a3278f653fb42476b6d44f70\/themenkanaele-des-tuer-und-angel-podcasts_64x64.jpg 1x, https:\/\/podcast.kuubus.de\/tuer-und-angel\/wp-content\/cache\/podlove\/9f\/a6ef75a3278f653fb42476b6d44f70\/themenkanaele-des-tuer-und-angel-podcasts_128x.jpg 2x, https:\/\/podcast.kuubus.de\/tuer-und-angel\/wp-content\/cache\/podlove\/9f\/a6ef75a3278f653fb42476b6d44f70\/themenkanaele-des-tuer-und-angel-podcasts_192x.jpg 3x\"\/>\n\n            <\/td>\n            <td class=\"date\">\n                <span class=\"release_date\">\n                    23. M\u00e4rz 2017 21:46\n                <\/span>\n            <\/td>\n            <td class=\"title\">\n                <a href=\"https:\/\/podcast.kuubus.de\/tuer-und-angel\/xyz009-themenkanaele-des-tuer-und-angel-podcasts\/\">\n                    <strong>Themenkan\u00e4le des T\u00fcr und Angel Podcasts<\/strong><br>\n                    Themenkan\u00e4le einzeln abonnierbar\n                <\/a>\n            <\/td>\n            <td class=\"duration\">\n                                0:05:40\n            <\/td>\n        <\/tr>\n            <tr class=\"podcast_archive_element\">\n            <td class=\"thumbnail\">\n                \n<img loading=\"lazy\" decoding=\"async\" width=\"64\" height=\"64\" src=\"https:\/\/podcast.kuubus.de\/tuer-und-angel\/wp-content\/cache\/podlove\/34\/2da0a4a34986366f6de4d4804163ae\/lpf-handwerken-duebeln-mit-lochband_64x64.jpg\" srcset=\"https:\/\/podcast.kuubus.de\/tuer-und-angel\/wp-content\/cache\/podlove\/34\/2da0a4a34986366f6de4d4804163ae\/lpf-handwerken-duebeln-mit-lochband_64x64.jpg 1x, https:\/\/podcast.kuubus.de\/tuer-und-angel\/wp-content\/cache\/podlove\/34\/2da0a4a34986366f6de4d4804163ae\/lpf-handwerken-duebeln-mit-lochband_128x.jpg 2x, https:\/\/podcast.kuubus.de\/tuer-und-angel\/wp-content\/cache\/podlove\/34\/2da0a4a34986366f6de4d4804163ae\/lpf-handwerken-duebeln-mit-lochband_192x.jpg 3x\"\/>\n\n            <\/td>\n            <td class=\"date\">\n                <span class=\"release_date\">\n                    21. M\u00e4rz 2017 17:00\n                <\/span>\n            <\/td>\n            <td class=\"title\">\n                <a href=\"https:\/\/podcast.kuubus.de\/tuer-und-angel\/bab008-lpf-handwerken-duebeln-mit-lochband\/\">\n                    <strong>LPF Handwerken - D\u00fcbeln mit Lochband<\/strong><br>\n                    Gegenst\u00e4nde mit in die Wand d\u00fcbeln mit Lochband\n                <\/a>\n            <\/td>\n            <td class=\"duration\">\n                                0:04:52\n            <\/td>\n        <\/tr>\n            <tr class=\"podcast_archive_element\">\n            <td class=\"thumbnail\">\n                \n<img loading=\"lazy\" decoding=\"async\" width=\"64\" height=\"64\" src=\"https:\/\/podcast.kuubus.de\/tuer-und-angel\/wp-content\/cache\/podlove\/88\/d189c9d529405bbde5102de217405a\/lpf-handwerken-tipp-zum-messen-mit-dem-must-have-lochband_64x64.jpg\" srcset=\"https:\/\/podcast.kuubus.de\/tuer-und-angel\/wp-content\/cache\/podlove\/88\/d189c9d529405bbde5102de217405a\/lpf-handwerken-tipp-zum-messen-mit-dem-must-have-lochband_64x64.jpg 1x, https:\/\/podcast.kuubus.de\/tuer-und-angel\/wp-content\/cache\/podlove\/88\/d189c9d529405bbde5102de217405a\/lpf-handwerken-tipp-zum-messen-mit-dem-must-have-lochband_128x.jpg 2x, https:\/\/podcast.kuubus.de\/tuer-und-angel\/wp-content\/cache\/podlove\/88\/d189c9d529405bbde5102de217405a\/lpf-handwerken-tipp-zum-messen-mit-dem-must-have-lochband_192x.jpg 3x\"\/>\n\n            <\/td>\n            <td class=\"date\">\n                <span class=\"release_date\">\n                    20. M\u00e4rz 2017 13:49\n                <\/span>\n            <\/td>\n            <td class=\"title\">\n                <a href=\"https:\/\/podcast.kuubus.de\/tuer-und-angel\/bab007-lpf-handwerken-tipp-zum-messen-mit-dem-must-have-lochband\/\">\n                    <strong>LPF Handwerken - Tipp zum Messen mit dem Must-Have Lochband<\/strong><br>\n                    Ein Must-Have Hilfsmittel aus dem Baumarkt. Besser als jeder Blindenzollstock\n                <\/a>\n            <\/td>\n            <td class=\"duration\">\n                                0:04:51\n            <\/td>\n        <\/tr>\n            <tr class=\"podcast_archive_element\">\n            <td class=\"thumbnail\">\n                \n<img loading=\"lazy\" decoding=\"async\" width=\"64\" height=\"64\" src=\"https:\/\/podcast.kuubus.de\/tuer-und-angel\/wp-content\/cache\/podlove\/14\/dcb142f41ffb8528a2e2abedbf1306\/back-to-the-roots-wie-nah-sind-wir-am-maschinen-code_64x64.jpg\" srcset=\"https:\/\/podcast.kuubus.de\/tuer-und-angel\/wp-content\/cache\/podlove\/14\/dcb142f41ffb8528a2e2abedbf1306\/back-to-the-roots-wie-nah-sind-wir-am-maschinen-code_64x64.jpg 1x, https:\/\/podcast.kuubus.de\/tuer-und-angel\/wp-content\/cache\/podlove\/14\/dcb142f41ffb8528a2e2abedbf1306\/back-to-the-roots-wie-nah-sind-wir-am-maschinen-code_128x.jpg 2x, https:\/\/podcast.kuubus.de\/tuer-und-angel\/wp-content\/cache\/podlove\/14\/dcb142f41ffb8528a2e2abedbf1306\/back-to-the-roots-wie-nah-sind-wir-am-maschinen-code_192x.jpg 3x\"\/>\n\n            <\/td>\n            <td class=\"date\">\n                <span class=\"release_date\">\n                    18. M\u00e4rz 2017 9:08\n                <\/span>\n            <\/td>\n            <td class=\"title\">\n                <a href=\"https:\/\/podcast.kuubus.de\/tuer-und-angel\/dev006-back-to-the-roots-wie-nah-sind-wir-am-maschinen-code\/\">\n                    <strong>Back to the Roots - Wie nah sind wir am Maschinen Code?<\/strong><br>\n                    Eine Sprache ganz dicht an Maschinencode\n                <\/a>\n            <\/td>\n            <td class=\"duration\">\n                                0:05:03\n            <\/td>\n        <\/tr>\n            <tr class=\"podcast_archive_element\">\n            <td class=\"thumbnail\">\n                \n<img loading=\"lazy\" decoding=\"async\" width=\"64\" height=\"64\" src=\"https:\/\/podcast.kuubus.de\/tuer-und-angel\/wp-content\/cache\/podlove\/04\/a05b74b125aea24b97bead5f6f96a2\/compiler-interpreter-und-der-intermediate-code_64x64.jpg\" srcset=\"https:\/\/podcast.kuubus.de\/tuer-und-angel\/wp-content\/cache\/podlove\/04\/a05b74b125aea24b97bead5f6f96a2\/compiler-interpreter-und-der-intermediate-code_64x64.jpg 1x, https:\/\/podcast.kuubus.de\/tuer-und-angel\/wp-content\/cache\/podlove\/04\/a05b74b125aea24b97bead5f6f96a2\/compiler-interpreter-und-der-intermediate-code_128x.jpg 2x, https:\/\/podcast.kuubus.de\/tuer-und-angel\/wp-content\/cache\/podlove\/04\/a05b74b125aea24b97bead5f6f96a2\/compiler-interpreter-und-der-intermediate-code_192x.jpg 3x\"\/>\n\n            <\/td>\n            <td class=\"date\">\n                <span class=\"release_date\">\n                    17. M\u00e4rz 2017 14:01\n                <\/span>\n            <\/td>\n            <td class=\"title\">\n                <a href=\"https:\/\/podcast.kuubus.de\/tuer-und-angel\/dev005-compiler-interpreter-und-der-intermediate-code\/\">\n                    <strong>Compiler, Interpreter und der Intermediate-Code<\/strong><br>\n                    F\u00fcr den Computer \u00fcbersetzen oder dolmetschen.\n                <\/a>\n            <\/td>\n            <td class=\"duration\">\n                                0:08:44\n            <\/td>\n        <\/tr>\n            <tr class=\"podcast_archive_element\">\n            <td class=\"thumbnail\">\n                \n<img loading=\"lazy\" decoding=\"async\" width=\"64\" height=\"64\" src=\"https:\/\/podcast.kuubus.de\/tuer-und-angel\/wp-content\/cache\/podlove\/bb\/1c2698a94f27d21320057e0445f85f\/zahnraeder-und-das-prinzip-der-modularisierung_64x64.jpg\" srcset=\"https:\/\/podcast.kuubus.de\/tuer-und-angel\/wp-content\/cache\/podlove\/bb\/1c2698a94f27d21320057e0445f85f\/zahnraeder-und-das-prinzip-der-modularisierung_64x64.jpg 1x, https:\/\/podcast.kuubus.de\/tuer-und-angel\/wp-content\/cache\/podlove\/bb\/1c2698a94f27d21320057e0445f85f\/zahnraeder-und-das-prinzip-der-modularisierung_128x.jpg 2x, https:\/\/podcast.kuubus.de\/tuer-und-angel\/wp-content\/cache\/podlove\/bb\/1c2698a94f27d21320057e0445f85f\/zahnraeder-und-das-prinzip-der-modularisierung_192x.jpg 3x\"\/>\n\n            <\/td>\n            <td class=\"date\">\n                <span class=\"release_date\">\n                    16. M\u00e4rz 2017 20:06\n                <\/span>\n            <\/td>\n            <td class=\"title\">\n                <a href=\"https:\/\/podcast.kuubus.de\/tuer-und-angel\/dev004-zahnraeder-und-das-prinzip-der-modularisierung\/\">\n                    <strong>Zahnr\u00e4der und das Prinzip der Modularisierung<\/strong><br>\n                    Dank der Modularisierung m\u00fcssen wir das Rad nicht jedes Mal neu erfinden.\n                <\/a>\n            <\/td>\n            <td class=\"duration\">\n                                0:11:39\n            <\/td>\n        <\/tr>\n            <tr class=\"podcast_archive_element\">\n            <td class=\"thumbnail\">\n                \n<img loading=\"lazy\" decoding=\"async\" width=\"64\" height=\"64\" src=\"https:\/\/podcast.kuubus.de\/tuer-und-angel\/wp-content\/cache\/podlove\/68\/cfd605550015c1a75015f68187b1b3\/der-duft-der-hyazinthen_64x64.jpg\" srcset=\"https:\/\/podcast.kuubus.de\/tuer-und-angel\/wp-content\/cache\/podlove\/68\/cfd605550015c1a75015f68187b1b3\/der-duft-der-hyazinthen_64x64.jpg 1x, https:\/\/podcast.kuubus.de\/tuer-und-angel\/wp-content\/cache\/podlove\/68\/cfd605550015c1a75015f68187b1b3\/der-duft-der-hyazinthen_128x.jpg 2x, https:\/\/podcast.kuubus.de\/tuer-und-angel\/wp-content\/cache\/podlove\/68\/cfd605550015c1a75015f68187b1b3\/der-duft-der-hyazinthen_192x.jpg 3x\"\/>\n\n            <\/td>\n            <td class=\"date\">\n                <span class=\"release_date\">\n                    15. M\u00e4rz 2017 13:20\n                <\/span>\n            <\/td>\n            <td class=\"title\">\n                <a href=\"https:\/\/podcast.kuubus.de\/tuer-und-angel\/gep003-der-duft-der-hyazinthen\/\">\n                    <strong>Der Duft der Hyazinthen<\/strong><br>\n                    Hyazinthen kultivieren und pflegen\n                <\/a>\n            <\/td>\n            <td class=\"duration\">\n                                0:11:07\n            <\/td>\n        <\/tr>\n            <tr class=\"podcast_archive_element\">\n            <td class=\"thumbnail\">\n                \n<img loading=\"lazy\" decoding=\"async\" width=\"64\" height=\"64\" src=\"https:\/\/podcast.kuubus.de\/tuer-und-angel\/wp-content\/cache\/podlove\/b4\/50a6559ff3ea8241a248395aa80050\/was-sind-programme-und-was-ist-programmieren_64x64.jpg\" srcset=\"https:\/\/podcast.kuubus.de\/tuer-und-angel\/wp-content\/cache\/podlove\/b4\/50a6559ff3ea8241a248395aa80050\/was-sind-programme-und-was-ist-programmieren_64x64.jpg 1x, https:\/\/podcast.kuubus.de\/tuer-und-angel\/wp-content\/cache\/podlove\/b4\/50a6559ff3ea8241a248395aa80050\/was-sind-programme-und-was-ist-programmieren_128x.jpg 2x, https:\/\/podcast.kuubus.de\/tuer-und-angel\/wp-content\/cache\/podlove\/b4\/50a6559ff3ea8241a248395aa80050\/was-sind-programme-und-was-ist-programmieren_192x.jpg 3x\"\/>\n\n            <\/td>\n            <td class=\"date\">\n                <span class=\"release_date\">\n                    14. M\u00e4rz 2017 11:33\n                <\/span>\n            <\/td>\n            <td class=\"title\">\n                <a href=\"https:\/\/podcast.kuubus.de\/tuer-und-angel\/dev002-was-sind-programme-und-was-ist-programmieren\/\">\n                    <strong>Was sind Programme und was ist programmieren<\/strong><br>\n                    Von programmieren und Programmen.\n                <\/a>\n            <\/td>\n            <td class=\"duration\">\n                                0:14:37\n            <\/td>\n        <\/tr>\n            <tr class=\"podcast_archive_element\">\n            <td class=\"thumbnail\">\n                \n<img loading=\"lazy\" decoding=\"async\" width=\"64\" height=\"64\" src=\"https:\/\/podcast.kuubus.de\/tuer-und-angel\/wp-content\/cache\/podlove\/00\/1182e6141017c0b49c106da07e41fb\/zwischen-tuer-und-angel_64x64.jpg\" srcset=\"https:\/\/podcast.kuubus.de\/tuer-und-angel\/wp-content\/cache\/podlove\/00\/1182e6141017c0b49c106da07e41fb\/zwischen-tuer-und-angel_64x64.jpg 1x, https:\/\/podcast.kuubus.de\/tuer-und-angel\/wp-content\/cache\/podlove\/00\/1182e6141017c0b49c106da07e41fb\/zwischen-tuer-und-angel_128x.jpg 2x, https:\/\/podcast.kuubus.de\/tuer-und-angel\/wp-content\/cache\/podlove\/00\/1182e6141017c0b49c106da07e41fb\/zwischen-tuer-und-angel_192x.jpg 3x\"\/>\n\n            <\/td>\n            <td class=\"date\">\n                <span class=\"release_date\">\n                    12. M\u00e4rz 2017 14:01\n                <\/span>\n            <\/td>\n            <td class=\"title\">\n                <a href=\"https:\/\/podcast.kuubus.de\/tuer-und-angel\/001-zwischen-tuer-und-angel\/\">\n                    <strong>zwischen T\u00fcr und Angel<\/strong><br>\n                    Infos und Gedanken zwischen T\u00dcR UND ANGEL\n                <\/a>\n            <\/td>\n            <td class=\"duration\">\n                                0:13:03\n            <\/td>\n        <\/tr>\n        <\/tbody>\n<\/table>\n\n<style type=\"text\/css\">\n.podcast_archive_element .thumbnail {\n    width: 64px;\n    padding: 5px !important;\n}\n\n.podcast_archive_element td {\n    vertical-align: top;\n}\n<\/style>\n<p>&nbsp;<\/p>\n<p>&nbsp;<\/p>\n","protected":false},"excerpt":{"rendered":"<p>\u00dcber diesen Podcast Der T\u00dcR UND ANGEL Podcast ist ein einfaches und schlichtes\u00a0Podcast-Format mit Infos und meinen Gedanken zu verschiedenen zeitlosen und aktuellen Themen. Ungeschnitten ohne viel Produktionsaufwand rede ich frei von der Leber \u00fcber alles was mich bewegt und informiere euch \u00fcber Themen und Gedanken, die mich so besch\u00e4ftigen. Das soll jedoch nicht hei\u00dfen, [&hellip;]<\/p>\n","protected":false},"author":1,"featured_media":151,"parent":0,"menu_order":0,"comment_status":"closed","ping_status":"closed","template":"","meta":{"jetpack_post_was_ever_published":false,"footnotes":""},"class_list":["post-47","page","type-page","status-publish","has-post-thumbnail","hentry"],"jetpack_sharing_enabled":true,"jetpack_shortlink":"https:\/\/wp.me\/P8wtZ5-L","_links":{"self":[{"href":"https:\/\/podcast.kuubus.de\/tuer-und-angel\/wp-json\/wp\/v2\/pages\/47","targetHints":{"allow":["GET"]}}],"collection":[{"href":"https:\/\/podcast.kuubus.de\/tuer-und-angel\/wp-json\/wp\/v2\/pages"}],"about":[{"href":"https:\/\/podcast.kuubus.de\/tuer-und-angel\/wp-json\/wp\/v2\/types\/page"}],"author":[{"embeddable":true,"href":"https:\/\/podcast.kuubus.de\/tuer-und-angel\/wp-json\/wp\/v2\/users\/1"}],"replies":[{"embeddable":true,"href":"https:\/\/podcast.kuubus.de\/tuer-und-angel\/wp-json\/wp\/v2\/comments?post=47"}],"version-history":[{"count":8,"href":"https:\/\/podcast.kuubus.de\/tuer-und-angel\/wp-json\/wp\/v2\/pages\/47\/revisions"}],"predecessor-version":[{"id":341,"href":"https:\/\/podcast.kuubus.de\/tuer-und-angel\/wp-json\/wp\/v2\/pages\/47\/revisions\/341"}],"wp:featuredmedia":[{"embeddable":true,"href":"https:\/\/podcast.kuubus.de\/tuer-und-angel\/wp-json\/wp\/v2\/media\/151"}],"wp:attachment":[{"href":"https:\/\/podcast.kuubus.de\/tuer-und-angel\/wp-json\/wp\/v2\/media?parent=47"}],"curies":[{"name":"wp","href":"https:\/\/api.w.org\/{rel}","templated":true}]}}